{"id":49532,"date":"2026-02-20T09:59:54","date_gmt":"2026-02-20T09:59:54","guid":{"rendered":"https:\/\/help.unhcr.org\/hungary\/?page_id=49532"},"modified":"2026-02-20T14:24:04","modified_gmt":"2026-02-20T14:24:04","slug":"nyugdijellenorzesi-kovetelmeny-ukran-menekultek-szamara-2","status":"publish","type":"page","link":"https:\/\/help.unhcr.org\/hungary\/hu\/information-and-support\/nyugdijellenorzesi-kovetelmeny-ukran-menekultek-szamara-2\/","title":{"rendered":"Nyugd\u00edjellen\u0151rz\u00e9si\u00a0k\u00f6vetelm\u00e9ny\u00a0ukr\u00e1n\u00a0menek\u00fcltek\u00a0sz\u00e1m\u00e1ra\u00a0"},"content":{"rendered":"\n<p>Az&nbsp;ukrajnai&nbsp;jogszab\u00e1lyok&nbsp;legut\u00f3bbi&nbsp;v\u00e1ltoz\u00e1sai&nbsp;miatt&nbsp;<strong>minden&nbsp;k\u00fclf\u00f6ld\u00f6n&nbsp;\u00e9l\u0151&nbsp;ukr\u00e1n&nbsp;nyugd\u00edjasnak&nbsp;igazol\u00e1si&nbsp;elj\u00e1r\u00e1son&nbsp;kell&nbsp;\u00e1tesnie&nbsp;<\/strong>ahhoz,&nbsp;hogy&nbsp;tov\u00e1bbra&nbsp;is&nbsp;nyugd\u00edjat&nbsp;kaphasson.&nbsp;<\/p>\n\n\n\n<p><strong>Az&nbsp;ellen\u0151rz\u00e9s&nbsp;elv\u00e9gz\u00e9se<\/strong>&nbsp;<\/p>\n\n\n\n<p>Az&nbsp;elj\u00e1r\u00e1st&nbsp;az&nbsp;al\u00e1bbi&nbsp;m\u00f3dok&nbsp;egyik\u00e9n&nbsp;teljes\u00edtheti:&nbsp;<\/p>\n\n\n\n<h3 class=\"wp-block-heading\"><strong>1. Diia&nbsp;alkalmaz\u00e1s<\/strong>&nbsp;<\/h3>\n\n\n\n<p><em>A PFU&nbsp;webport\u00e1lon&nbsp;vagy&nbsp;a PFU&nbsp;mobilalkalmaz\u00e1sban&nbsp;tal\u00e1lhat\u00f3&nbsp;Diia Signature&nbsp;seg\u00edts\u00e9g\u00e9vel&nbsp;(vide\u00f3s&nbsp;\u00fatmutat\u00f3&nbsp;<\/em><a href=\"https:\/\/eur02.safelinks.protection.outlook.com\/?url=https%3A%2F%2Fwww.youtube.com%2Fwatch%3Fsi%3D1Q1yI1PnHsAlu0CA%26v%3DB_MVWt_Xx10%26feature%3Dyoutu.be&amp;data=05%7C02%7Cmomandm%40unhcr.org%7C7684a6a120d143f9d89408de6b102903%7Ce5c37981666441348a0c6543d2af80be%7C0%7C0%7C639065914303315038%7CUnknown%7CTWFpbGZsb3d8eyJFbXB0eU1hcGkiOnRydWUsIlYiOiIwLjAuMDAwMCIsIlAiOiJXaW4zMiIsIkFOIjoiTWFpbCIsIldUIjoyfQ%3D%3D%7C0%7C%7C%7C&amp;sdata=Bb2QEvg5QiRk1H02KocLUdXd7xchV9Lcx%2FDaNvaCBJQ%3D&amp;reserved=0\" target=\"_blank\" rel=\"noreferrer noopener\"><em>itt<\/em><\/a><em>&nbsp;tal\u00e1lhat\u00f3)<\/em>&nbsp;<\/p>\n\n\n\n<h3 class=\"wp-block-heading\"><strong>2.&nbsp;Videokonferencia-ellen\u0151rz\u00e9s&nbsp;a PFU&nbsp;port\u00e1lon&nbsp;kereszt\u00fcl<\/strong>&nbsp;<\/h3>\n\n\n\n<p>Videoh\u00edv\u00e1st&nbsp;k\u00e9rhet&nbsp;a PFU&nbsp;port\u00e1lon&nbsp;kereszt\u00fcl&nbsp;vagy&nbsp;a<strong>&nbsp;0800&nbsp;503 753-as<\/strong>&nbsp;telefonsz\u00e1mon.&nbsp;<br>A&nbsp;h\u00edv\u00e1sokat&nbsp;\u00e1ltal\u00e1ban&nbsp;10\u201330&nbsp;napon&nbsp;bel\u00fcl&nbsp;be\u00fctemezik,&nbsp;\u00e9s&nbsp;a Google Meet, WhatsApp, Signal, Telegram, Viber&nbsp;vagy&nbsp;Zoom&nbsp;alkalmaz\u00e1son&nbsp;kereszt\u00fcl&nbsp;bonyol\u00edtj\u00e1k&nbsp;le.&nbsp;<br>A&nbsp;h\u00edv\u00e1s&nbsp;sor\u00e1n&nbsp;fel&nbsp;kell&nbsp;mutatnia&nbsp;az&nbsp;eredeti&nbsp;\u00fatlevel\u00e9t\/szem\u00e9lyi&nbsp;igazolv\u00e1ny\u00e1t&nbsp;\u00e9s&nbsp;nyugd\u00edjigazolv\u00e1ny\u00e1t.&nbsp;<\/p>\n\n\n\n<h3 class=\"wp-block-heading\"><strong>3.&nbsp;Ellen\u0151rz\u00e9s&nbsp;az&nbsp;ukr\u00e1n&nbsp;konzul\u00e1tuson<\/strong>&nbsp;<\/h3>\n\n\n\n<p>L\u00e1togasson&nbsp;el&nbsp;a&nbsp;legk\u00f6zelebbi&nbsp;ukr\u00e1n&nbsp;konzul\u00e1tusra,&nbsp;hogy&nbsp;igazolja&nbsp;szem\u00e9lyazonoss\u00e1g\u00e1t&nbsp;\u00e9s&nbsp;lak\u00f3hely\u00e9t.&nbsp;<br>Kap&nbsp;egy&nbsp;<strong>szem\u00e9lyazonos\u00edt\u00f3&nbsp;igazol\u00e1st<\/strong>,&nbsp;amelyet&nbsp;felt\u00f6lthet&nbsp;a PFU&nbsp;port\u00e1lon&nbsp;az&nbsp;ellen\u0151rz\u00e9s&nbsp;befejez\u00e9s\u00e9hez.&nbsp;<\/p>\n\n\n\n<h3 class=\"wp-block-heading\"><strong>4.&nbsp;Szem\u00e9lyes&nbsp;ellen\u0151rz\u00e9s&nbsp;Ukrajn\u00e1ban<\/strong>&nbsp;<\/h3>\n\n\n\n<p>Ha&nbsp;jelenleg&nbsp;Ukrajn\u00e1ban&nbsp;tart\u00f3zkodik,&nbsp;felkereshet&nbsp;b\u00e1rmelyik&nbsp;PFU&nbsp;szolg\u00e1ltat\u00f3&nbsp;k\u00f6zpontot.&nbsp;<br><strong>Felh\u00edvjuk&nbsp;figyelm\u00e9t:<\/strong>&nbsp;2026&nbsp;janu\u00e1rj\u00e1ban&nbsp;t\u00f6bb&nbsp;ezer&nbsp;nyugd\u00edj&nbsp;felf\u00fcggeszt\u00e9se&nbsp;miatt&nbsp;jelenleg&nbsp;orsz\u00e1gszerte&nbsp;hossz\u00fa&nbsp;sorok&nbsp;alakultak&nbsp;ki.&nbsp;<\/p>\n\n\n\n<h3 class=\"wp-block-heading\"><strong>Tov\u00e1bbi&nbsp;k\u00f6vetelm\u00e9nyek&nbsp;az&nbsp;Ideiglenesen&nbsp;Megsz\u00e1llt&nbsp;Ter\u00fcletekr\u0151l&nbsp;(IMT)&nbsp;sz\u00e1rmaz\u00f3&nbsp;nyugd\u00edjasok&nbsp;sz\u00e1m\u00e1ra<\/strong>&nbsp;<\/h3>\n\n\n\n<p>Ha&nbsp;IMTr\u0151l&nbsp;sz\u00e1rmazik,&nbsp;az&nbsp;al\u00e1bbiak&nbsp;egyik\u00e9vel&nbsp;kell&nbsp;igazolnia,&nbsp;hogy&nbsp;<strong>nem&nbsp;kap&nbsp;nyugd\u00edjat&nbsp;az&nbsp;Orosz&nbsp;F\u00f6der\u00e1ci\u00f3t\u00f3l<\/strong>:<\/p>\n\n\n\n<ul class=\"wp-block-list\">\n<li>Jel\u00f6lje\u00a0be a\u00a0megfelel\u0151\u00a0nyilatkozati\u00a0n\u00e9gyzetet\u00a0a PFU online\u00a0fi\u00f3kj\u00e1ban\u00a0<\/li>\n\n\n\n<li>Ezt\u00a0kifejezetten\u00a0jelezni\u00a0a\u00a0videokonferencia-ellen\u0151rz\u00e9s\u00a0sor\u00e1n\u00a0<\/li>\n\n\n\n<li>\u00cdr\u00e1sbeli\u00a0nyilatkozat\u00a0elk\u00fcld\u00e9se\u00a0e-mailben\u00a0vagy\u00a0postai\u00a0\u00faton\u00a0a PFU-nak\u00a0<\/li>\n<\/ul>\n\n\n\n<p>Miut\u00e1n&nbsp;elv\u00e9gezte&nbsp;az&nbsp;\u00f6sszes&nbsp;l\u00e9p\u00e9st,&nbsp;<strong>ellen\u0151rizze,&nbsp;hogy&nbsp;PFU&nbsp;szem\u00e9lyes&nbsp;fi\u00f3kj\u00e1ban&nbsp;a&nbsp;helyes&nbsp;ellen\u0151rz\u00e9si&nbsp;\u00e9s&nbsp;nyilatkozati&nbsp;d\u00e1tum&nbsp;szerepel-e<\/strong>.&nbsp;Ezt&nbsp;online&nbsp;vagy&nbsp;a PFU&nbsp;forr\u00f3dr\u00f3tj\u00e1n&nbsp;(<strong>0800 503 753<\/strong>)&nbsp;kereszt\u00fcl&nbsp;ellen\u0151rizheti.&nbsp;<\/p>\n\n\n\n<h3 class=\"wp-block-heading\"><strong>Tov\u00e1bbi&nbsp;seg\u00edts\u00e9gre&nbsp;van&nbsp;sz\u00fcks\u00e9ge?<\/strong>&nbsp;<\/h3>\n\n\n\n<p>Tov\u00e1bbi&nbsp;inform\u00e1ci\u00f3k\u00e9rt&nbsp;\u00e9s&nbsp;technikai&nbsp;t\u00e1mogat\u00e1s\u00e9rt&nbsp;a Diia&nbsp;alkalmaz\u00e1son&nbsp;vagy&nbsp;a PFU&nbsp;port\u00e1lon&nbsp;kereszt\u00fcl&nbsp;t\u00f6rt\u00e9n\u0151&nbsp;ellen\u0151rz\u00e9si&nbsp;folyamat&nbsp;befejez\u00e9s\u00e9hez&nbsp;vegye&nbsp;fel&nbsp;a&nbsp;kapcsolatot&nbsp;az&nbsp;<a href=\"https:\/\/eur02.safelinks.protection.outlook.com\/?url=https%3A%2F%2Fukraineishome.org%2Fcontact-us%2F&amp;data=05%7C02%7Cmomandm%40unhcr.org%7C7684a6a120d143f9d89408de6b102903%7Ce5c37981666441348a0c6543d2af80be%7C0%7C0%7C639065914303349198%7CUnknown%7CTWFpbGZsb3d8eyJFbXB0eU1hcGkiOnRydWUsIlYiOiIwLjAuMDAwMCIsIlAiOiJXaW4zMiIsIkFOIjoiTWFpbCIsIldUIjoyfQ%3D%3D%7C0%7C%7C%7C&amp;sdata=BQ4yfEppKw7e2ofnyKp1Oh4FMcL78afx8EDklr0xGzs%3D&amp;reserved=0\" target=\"_blank\" rel=\"noreferrer noopener\"><strong>UNHCR Region\u00e1lis Kapcsolattart\u00f3 K\u00f6zpontj\u00e1val (RCC<\/strong><\/a><strong>).&nbsp;<\/strong>Tov\u00e1bbi&nbsp;inform\u00e1ci\u00f3k&nbsp;hamarosan&nbsp;el\u00e9rhet\u0151k&nbsp;lesznek&nbsp;<strong>az&nbsp;Ukraine is Home&nbsp;weboldalon<\/strong>:<a href=\"https:\/\/eur02.safelinks.protection.outlook.com\/?url=https%3A%2F%2Fukraineishome.org%2F&amp;data=05%7C02%7Cmomandm%40unhcr.org%7C7684a6a120d143f9d89408de6b102903%7Ce5c37981666441348a0c6543d2af80be%7C0%7C0%7C639065914303365948%7CUnknown%7CTWFpbGZsb3d8eyJFbXB0eU1hcGkiOnRydWUsIlYiOiIwLjAuMDAwMCIsIlAiOiJXaW4zMiIsIkFOIjoiTWFpbCIsIldUIjoyfQ%3D%3D%7C0%7C%7C%7C&amp;sdata=LFFoGsPync3b8IIJPdWHDhBe9gdsJ6chKYaNsxVwHz0%3D&amp;reserved=0\" target=\"_blank\" rel=\"noreferrer noopener\">&nbsp;https:\/\/ukraineishome.org\/<\/a>&nbsp;<\/p>\n","protected":false},"excerpt":{"rendered":"<p>Az&nbsp;ukrajnai&nbsp;jogszab\u00e1lyok&nbsp;legut\u00f3bbi&nbsp;v\u00e1ltoz\u00e1sai&nbsp;miatt&nbsp;minden&nbsp;k\u00fclf\u00f6ld\u00f6n&nbsp;\u00e9l\u0151&nbsp;ukr\u00e1n&nbsp;nyugd\u00edjasnak&nbsp;igazol\u00e1si&nbsp;elj\u00e1r\u00e1son&nbsp;kell&nbsp;\u00e1tesnie&nbsp;ahhoz,&nbsp;hogy&nbsp;tov\u00e1bbra&nbsp;is&nbsp;nyugd\u00edjat&nbsp;kaphasson.&nbsp; Az&nbsp;ellen\u0151rz\u00e9s&nbsp;elv\u00e9gz\u00e9se&nbsp; Az&nbsp;elj\u00e1r\u00e1st&nbsp;az&nbsp;al\u00e1bbi&nbsp;m\u00f3dok&nbsp;egyik\u00e9n&nbsp;teljes\u00edtheti:&nbsp; 1. Diia&nbsp;alkalmaz\u00e1s&nbsp; A PFU&nbsp;webport\u00e1lon&nbsp;vagy&nbsp;a PFU&nbsp;mobilalkalmaz\u00e1sban&nbsp;tal\u00e1lhat\u00f3&nbsp;Diia Signature&nbsp;seg\u00edts\u00e9g\u00e9vel&nbsp;(vide\u00f3s&nbsp;\u00fatmutat\u00f3&nbsp;itt&nbsp;tal\u00e1lhat\u00f3)&nbsp; 2.&nbsp;Videokonferencia-ellen\u0151rz\u00e9s&nbsp;a PFU&nbsp;port\u00e1lon&nbsp;kereszt\u00fcl&nbsp; Videoh\u00edv\u00e1st&nbsp;k\u00e9rhet&nbsp;a PFU&nbsp;port\u00e1lon&nbsp;kereszt\u00fcl&nbsp;vagy&nbsp;a&nbsp;0800&nbsp;503 753-as&nbsp;telefonsz\u00e1mon.&nbsp;A&nbsp;h\u00edv\u00e1sokat&nbsp;\u00e1ltal\u00e1ban&nbsp;10\u201330&nbsp;napon&nbsp;bel\u00fcl&nbsp;be\u00fctemezik,&nbsp;\u00e9s&nbsp;a Google Meet, WhatsApp, Signal, Telegram, Viber&nbsp;vagy&nbsp;Zoom&nbsp;alkalmaz\u00e1son&nbsp;kereszt\u00fcl&nbsp;bonyol\u00edtj\u00e1k&nbsp;le.&nbsp;A&nbsp;h\u00edv\u00e1s&nbsp;sor\u00e1n&nbsp;fel&nbsp;kell&nbsp;mutatnia&nbsp;az&nbsp;eredeti&nbsp;\u00fatlevel\u00e9t\/szem\u00e9lyi&nbsp;igazolv\u00e1ny\u00e1t&nbsp;\u00e9s&nbsp;nyugd\u00edjigazolv\u00e1ny\u00e1t.&nbsp; 3.&nbsp;Ellen\u0151rz\u00e9s&nbsp;az&nbsp;ukr\u00e1n&nbsp;konzul\u00e1tuson&nbsp; L\u00e1togasson&nbsp;el&nbsp;a&nbsp;legk\u00f6zelebbi&nbsp;ukr\u00e1n&nbsp;konzul\u00e1tusra,&nbsp;hogy&nbsp;igazolja&nbsp;szem\u00e9lyazonoss\u00e1g\u00e1t&nbsp;\u00e9s&nbsp;lak\u00f3hely\u00e9t.&nbsp;Kap&nbsp;egy&nbsp;szem\u00e9lyazonos\u00edt\u00f3&nbsp;igazol\u00e1st,&nbsp;amelyet&nbsp;felt\u00f6lthet&nbsp;a PFU&nbsp;port\u00e1lon&nbsp;az&nbsp;ellen\u0151rz\u00e9s&nbsp;befejez\u00e9s\u00e9hez.&nbsp; 4.&nbsp;Szem\u00e9lyes&nbsp;ellen\u0151rz\u00e9s&nbsp;Ukrajn\u00e1ban&nbsp; Ha&nbsp;jelenleg&nbsp;Ukrajn\u00e1ban&nbsp;tart\u00f3zkodik,&nbsp;felkereshet&nbsp;b\u00e1rmelyik&nbsp;PFU&nbsp;szolg\u00e1ltat\u00f3&nbsp;k\u00f6zpontot.&nbsp;Felh\u00edvjuk&nbsp;figyelm\u00e9t:&nbsp;2026&nbsp;janu\u00e1rj\u00e1ban&nbsp;t\u00f6bb&nbsp;ezer&nbsp;nyugd\u00edj&nbsp;felf\u00fcggeszt\u00e9se&nbsp;miatt&nbsp;jelenleg&nbsp;orsz\u00e1gszerte&nbsp;hossz\u00fa&nbsp;sorok&nbsp;alakultak&nbsp;ki.&nbsp; Tov\u00e1bbi&nbsp;k\u00f6vetelm\u00e9nyek&nbsp;az&nbsp;Ideiglenesen&nbsp;Megsz\u00e1llt&nbsp;Ter\u00fcletekr\u0151l&nbsp;(IMT)&nbsp;sz\u00e1rmaz\u00f3&nbsp;nyugd\u00edjasok&nbsp;sz\u00e1m\u00e1ra&nbsp; Ha&nbsp;IMTr\u0151l&nbsp;sz\u00e1rmazik,&nbsp;az&nbsp;al\u00e1bbiak&nbsp;egyik\u00e9vel&nbsp;kell&nbsp;igazolnia,&nbsp;hogy&nbsp;nem&nbsp;kap&nbsp;nyugd\u00edjat&nbsp;az&nbsp;Orosz&nbsp;F\u00f6der\u00e1ci\u00f3t\u00f3l: Miut\u00e1n&nbsp;elv\u00e9gezte&nbsp;az&nbsp;\u00f6sszes&nbsp;l\u00e9p\u00e9st,&nbsp;ellen\u0151rizze,&nbsp;hogy&nbsp;PFU&nbsp;szem\u00e9lyes&nbsp;fi\u00f3kj\u00e1ban&nbsp;a&nbsp;helyes&nbsp;ellen\u0151rz\u00e9si&nbsp;\u00e9s&nbsp;nyilatkozati&nbsp;d\u00e1tum&nbsp;szerepel-e.&nbsp;Ezt&nbsp;online&nbsp;vagy&nbsp;a PFU&nbsp;forr\u00f3dr\u00f3tj\u00e1n&nbsp;(0800 503 753)&nbsp;kereszt\u00fcl&nbsp;ellen\u0151rizheti.&nbsp; Tov\u00e1bbi&nbsp;seg\u00edts\u00e9gre&nbsp;van&nbsp;sz\u00fcks\u00e9ge?&nbsp; Tov\u00e1bbi&nbsp;inform\u00e1ci\u00f3k\u00e9rt&nbsp;\u00e9s&nbsp;technikai&nbsp;t\u00e1mogat\u00e1s\u00e9rt&nbsp;a Diia&nbsp;alkalmaz\u00e1son&nbsp;vagy&nbsp;a PFU&nbsp;port\u00e1lon&nbsp;kereszt\u00fcl&nbsp;t\u00f6rt\u00e9n\u0151&nbsp;ellen\u0151rz\u00e9si&nbsp;folyamat&nbsp;befejez\u00e9s\u00e9hez&nbsp;vegye&nbsp;fel&nbsp;a&nbsp;kapcsolatot&nbsp;az&nbsp;UNHCR Region\u00e1lis Kapcsolattart\u00f3 K\u00f6zpontj\u00e1val (RCC).&nbsp;Tov\u00e1bbi&nbsp;inform\u00e1ci\u00f3k&nbsp;hamarosan&nbsp;el\u00e9rhet\u0151k&nbsp;lesznek&nbsp;az&nbsp;Ukraine is Home&nbsp;weboldalon:&nbsp;https:\/\/ukraineishome.org\/&nbsp;<\/p>\n","protected":false},"author":595,"featured_media":0,"parent":25614,"menu_order":0,"comment_status":"closed","ping_status":"closed","template":"","meta":{"_acf_changed":false,"footnotes":""},"class_list":["post-49532","page","type-page","status-publish","hentry"],"acf":[],"_links":{"self":[{"href":"https:\/\/help.unhcr.org\/hungary\/hu\/wp-json\/wp\/v2\/pages\/49532","targetHints":{"allow":["GET"]}}],"collection":[{"href":"https:\/\/help.unhcr.org\/hungary\/hu\/wp-json\/wp\/v2\/pages"}],"about":[{"href":"https:\/\/help.unhcr.org\/hungary\/hu\/wp-json\/wp\/v2\/types\/page"}],"author":[{"embeddable":true,"href":"https:\/\/help.unhcr.org\/hungary\/hu\/wp-json\/wp\/v2\/users\/595"}],"replies":[{"embeddable":true,"href":"https:\/\/help.unhcr.org\/hungary\/hu\/wp-json\/wp\/v2\/comments?post=49532"}],"version-history":[{"count":2,"href":"https:\/\/help.unhcr.org\/hungary\/hu\/wp-json\/wp\/v2\/pages\/49532\/revisions"}],"predecessor-version":[{"id":49534,"href":"https:\/\/help.unhcr.org\/hungary\/hu\/wp-json\/wp\/v2\/pages\/49532\/revisions\/49534"}],"up":[{"embeddable":true,"href":"https:\/\/help.unhcr.org\/hungary\/hu\/wp-json\/wp\/v2\/pages\/25614"}],"wp:attachment":[{"href":"https:\/\/help.unhcr.org\/hungary\/hu\/wp-json\/wp\/v2\/media?parent=49532"}],"curies":[{"name":"wp","href":"https:\/\/api.w.org\/{rel}","templated":true}]}}