{"id":42810,"date":"2025-06-03T07:52:08","date_gmt":"2025-06-03T07:52:08","guid":{"rendered":"https:\/\/help.unhcr.org\/hungary\/temporary-protection-2\/"},"modified":"2026-01-14T13:20:31","modified_gmt":"2026-01-14T13:20:31","slug":"temporary-protection","status":"publish","type":"page","link":"https:\/\/help.unhcr.org\/hungary\/hu\/temporary-protection\/","title":{"rendered":"Ideiglenes v\u00e9delmi st\u00e1tusz"},"content":{"rendered":"\n<div class=\"wp-block-group\"><div class=\"wp-block-group__inner-container is-layout-constrained wp-block-group-is-layout-constrained\">\n<a href=\"https:\/\/help.unhcr.org\/hungary\/hu\/asylum\/\" style=\"text-decoration: none\">\n\n\n\n<div style=\"background-color:#FCF366;color:white;border-radius:10px;padding: 30px 24px 1px\">\n\n\n\n<p class=\"has-black-color has-text-color has-link-color has-medium-font-size wp-elements-080beabd8b69db7f740227ff038c26b9\"><strong>Ez az oldal az Ukrajn\u00e1b\u00f3l Magyarorsz\u00e1gra menek\u00fcl\u0151k sz\u00e1m\u00e1ra k\u00e9sz\u00fclt.<\/strong> Ha egy m\u00e1sik orsz\u00e1gb\u00f3l szeretne mened\u00e9kjogot k\u00e9rni, k\u00e9rj\u00fck, kattintson ide tov\u00e1bbi inform\u00e1ci\u00f3k\u00e9rt.<\/p>\n\n\n\n<\/div><\/a>\n<\/div><\/div>\n\n\n\n<p><\/p>\n\n\n\n<p class=\"has-medium-font-size\"><strong>EZEN AZ OLDALON:<\/strong><br>\n<strong>\u2022 <a href=\"#mi-az-az-ideiglenes-vedelem\">Mi az az Ideiglenes V\u00e9delem?<\/a><\/strong><br><strong>\u2022 <a href=\"#ideiglenes-vedelemre-valo-jogosultsag\">Ideiglenes v\u00e9delemre val\u00f3 jogosults\u00e1g<\/a><\/strong><br><strong>\u2022 <a href=\"#az-ideiglenes-vedelem-ervenyessege\">Az ideiglenes v\u00e9delem \u00e9rv\u00e9nyess\u00e9ge<\/a><\/strong><br><strong>\u2022 <a href=\"#az-ideiglenes-vedelem-elonyei\">Az ideiglenes v\u00e9delem el\u0151nyei<\/a><\/strong><br><strong>\u2022 <a href=\"#ideiglenes-vedelem-igenylese\">Ideiglenes v\u00e9delem ig\u00e9nyl\u00e9se<\/a><\/strong><br><strong>\u2022 <a href=\"#visszateres-ukrajnaba\">Visszat\u00e9r\u00e9s Ukrajn\u00e1ba<\/a><\/strong><br><strong>\u2022 <a href=\"#masik-eu-orszagba-koltozes\">M\u00e1sik EU-orsz\u00e1gba k\u00f6lt\u00f6z\u00e9s<\/a><\/strong><br><strong>\u2022 <a href=\"#ha-2022-februar-24-elott-erkezett\">Ha 2022. febru\u00e1r 24. el\u0151tt \u00e9rkezett<\/a><\/strong><br>\n<\/p>\n\n\n<hr class=\"has-alpha-channel-opacity is-style-default\" \/>\n\n\n<div class=\"wp-block-group\"><div class=\"wp-block-group__inner-container is-layout-constrained wp-block-group-is-layout-constrained\">\n<div style=\"background-color:#FFBCC1;color:black;border-radius:10px;padding: 24px 24px 12px\">\n\n\n\n<figure class=\"wp-block-image size-full is-resized\"><img decoding=\"async\" src=\"https:\/\/help.unhcr.org\/hungary\/wp-content\/uploads\/sites\/86\/2024\/07\/callout_report-2.png\" alt=\"\" class=\"wp-image-20192\" style=\"width:50px;height:undefinedpx\" \/><\/figure>\n\n\n\n<div style=\"height:14px\" aria-hidden=\"true\" class=\"wp-block-spacer\"><\/div>\n\n\n\n<h3 class=\"wp-block-heading\"><strong>A ideiglenes v\u00e9delmi k\u00e1rty\u00e1k \u00e9rv\u00e9nyess\u00e9g\u00e9t 2027. m\u00e1rcius 4-ig meghosszabb\u00edtott\u00e1k<\/strong><\/h3>\n\n\n\n<p class=\"has-medium-font-size\">Magyarorsz\u00e1g Korm\u00e1nya meghosszabb\u00edtotta az ideiglenes v\u00e9delmi k\u00e1rty\u00e1k \u00e9rv\u00e9nyess\u00e9g\u00e9t 2027. m\u00e1rcius 4-ig. Az \u00f6n k\u00e1rty\u00e1ja \u00e9rv\u00e9nyes eddig a d\u00e1tumig, f\u00fcggetlen\u00fcl att\u00f3l, hogy milyen d\u00e1tum szerepel rajta (2026. m\u00e1rcius 4., 2025. m\u00e1rcius 4., 2024. m\u00e1rcius 4. vagy 2023. m\u00e1rcius 4.).<\/p>\n\n\n\n<\/div>\n<\/div><\/div>\n\n\n\n<p class=\"has-medium-font-size\"><\/p>\n\n\n\n<div class=\"wp-block-group\"><div class=\"wp-block-group__inner-container is-layout-constrained wp-block-group-is-layout-constrained\">\n<div style=\"background-color:#b9dfff;color:white;border-radius:10px;padding: 24px 24px 4px\">\n\n\n\n<figure class=\"wp-block-image size-full is-resized\"><img loading=\"lazy\" decoding=\"async\" width=\"100\" height=\"100\" src=\"https:\/\/help.unhcr.org\/hungary\/wp-content\/uploads\/sites\/86\/2024\/06\/callout_rcc-1.png\" alt=\"\" class=\"wp-image-18970\" style=\"width:70px\" \/><\/figure>\n\n\n\n<div style=\"height:14px\" aria-hidden=\"true\" class=\"wp-block-spacer\"><\/div>\n\n\n\n<p class=\"has-black-color has-text-color has-link-color has-medium-font-size wp-elements-e1e1581f5ef08b553a198e2f5feea1cb\">Tov\u00e1bbi inform\u00e1ci\u00f3k\u00e9rt, valamint visszajelz\u00e9s\u00e9vel vagy panasz\u00e1val h\u00edvja a <strong>UNHCR Menek\u00fclt\u00fcgyi Seg\u00e9lyvonal\u00e1t<\/strong> a <strong><a href=\"tel:+36 80 984 583\">+36 80 984 583<\/a>\u200b<\/strong> telefonsz\u00e1mon (h\u00e9tf\u0151t\u0151l p\u00e9ntekig, 08:00 \u2013 17:00 k\u00f6z\u00f6tt) ukr\u00e1n, orosz, magyar \u00e9s angol nyelven, vagy keressen minket e-mailen a <a href=\"mailto:hunbucontact@unhcr.org\">hunbucontact@unhcr.org<\/a> c\u00edmen.<\/p>\n\n\n\n<\/div>\n<\/div><\/div>\n\n\n\n<h2 class=\"wp-block-heading\" id=\"mi-az-az-ideiglenes-vedelem\"><strong>Mi az az Ideiglenes V\u00e9delem?<\/strong><\/h2>\n\n\n\n<p class=\"has-medium-font-size\">Az ideiglenes v\u00e9delem <strong>egy k\u00fcl\u00f6nleges (mened\u00e9kes) st\u00e1tusz, amelyet az Eur\u00f3pai Uni\u00f3n (EU) bel\u00fcl k\u00edn\u00e1lnak<\/strong> azoknak a szem\u00e9lyeknek, akik az ukrajnai h\u00e1bor\u00fa el\u0151l menek\u00fclnek. <strong>Bizonyos jogokat \u00e9s szolg\u00e1ltat\u00e1sokat biztos\u00edt a jogosultaknak, lehet\u0151v\u00e9 t\u00e9ve, hogy meghat\u00e1rozott ideig Magyarorsz\u00e1gon tart\u00f3zkodjanak.<\/strong> Az ideiglenes v\u00e9delem mag\u00e1ban foglalja a mened\u00e9khez val\u00f3 hozz\u00e1jut\u00e1st, a szoci\u00e1lis seg\u00e9lyt, az orvosi ell\u00e1t\u00e1st, a gyermekemk oktat\u00e1s\u00e1t \u00e9s munkav\u00e1llal\u00e1si enged\u00e9ly n\u00e9lk\u00fcli munkav\u00e9gz\u00e9s lehet\u0151s\u00e9g\u00e9t. Ez a st\u00e1tusz k\u00fcl\u00f6nb\u00f6zik att\u00f3l a 30 napos, ideiglenes tart\u00f3zkod\u00e1st lehet\u0151v\u00e9 tev\u0151 igazol\u00e1st\u00f3l, amelyet esetleg a hat\u00e1ron kapott.<\/p>\n\n\n\n<h2 class=\"wp-block-heading\" id=\"ideiglenes-vedelemre-valo-jogosultsag\"><strong>Ideiglenes v\u00e9delemre val\u00f3 jogosults\u00e1g<\/strong><\/h2>\n\n\n\n<p class=\"has-medium-font-size\"><strong>Ha \u00d6n 2022. febru\u00e1r 24-e el\u0151tt Ukrajn\u00e1ban tart\u00f3zkodott<\/strong>, \u00e9s ezen a napon vagy azt k\u00f6vet\u0151en l\u00e9pett be az EU-ba, <strong>akkor jogosult ideiglenes v\u00e9delemre Magyarorsz\u00e1gon.<\/strong> Ez vonatkozik ukr\u00e1n \u00e1llampolg\u00e1rokra, kor\u00e1bban Ukrajn\u00e1ban menek\u00fcltekk\u00e9nt \u00e9s hontalanokk\u00e9nt elismert szem\u00e9lyekre, valamint erre jogosult csal\u00e1dtagjaikra (bele\u00e9rtve a h\u00e1zast\u00e1rsakat, a h\u00e1ztart\u00e1sbeli \u00e9lett\u00e1rsakat, a 18 \u00e9v alatti eltartott gyermekeket \u00e9s az egy h\u00e1ztart\u00e1sban \u00e9l\u0151 eltartott rokonokat). Ha \u00d6n nem Ukrajna \u00e1llampolg\u00e1ra, nem Ukrajna \u00e1ltal kor\u00e1bban elismert menek\u00fclt vagy hontalan szem\u00e9ly, vagy ukr\u00e1n \u00e1llampolg\u00e1r (vagy elismert menek\u00fclt vagy hontalan szem\u00e9ly) csal\u00e1dtagja, akkor nem jogosult ideiglenes v\u00e9delemre. <a href=\"https:\/\/help.unhcr.org\/hungary\/hu\/asylum\/\">T\u00e1j\u00e9koz\u00f3djon r\u00e9szletesebben a magyarorsz\u00e1gi mened\u00e9kjog ig\u00e9nyl\u00e9s\u00e9r\u0151l.<\/a><\/p>\n\n\n\n<p class=\"has-medium-font-size\">Ha \u00d6n magyar \u00e1llampolg\u00e1r \u00e9s a h\u00e1bor\u00fa miatt menek\u00fclt el Ukrajn\u00e1b\u00f3l, nem illeti meg  ideiglenes v\u00e9delem, de ugyanolyan jogok \u00e9s szolg\u00e1ltat\u00e1sok illetik meg, mint az ideiglenes v\u00e9delemben r\u00e9szes\u00fcl\u0151ket.<\/p>\n\n\n\n<h2 class=\"wp-block-heading\" id=\"az-ideiglenes-vedelem-ervenyessege\"><strong>Az ideiglenes v\u00e9delem \u00e9rv\u00e9nyess\u00e9ge<\/strong><\/h2>\n\n\n\n<p class=\"has-medium-font-size\">Az\u00a0<strong>ideiglenes v\u00e9delem \u00e9rv\u00e9nyess\u00e9g\u00e9t 2027. m\u00e1rcius 4-ig meghosszabb\u00edtott\u00e1k<\/strong>\u00a0az Eur\u00f3pai Uni\u00f3 eg\u00e9sz\u00e9ben, \u00edgy Magyarorsz\u00e1gon is. Ez a hosszabb\u00edt\u00e1s akkor is \u00e9rv\u00e9nyes, ha a k\u00e1rty\u00e1j\u00e1n a lej\u00e1rati d\u00e1tum 2023., 2024., 2025. vagy 2026. m\u00e1rcius 4. Nincs sz\u00fcks\u00e9g azonnali teend\u0151re, mivel a hosszabb\u00edt\u00e1st jogszab\u00e1ly \u00edrja el\u0151.<\/p>\n\n\n\n<p class=\"has-medium-font-size\">Ha valaki k\u00e9ts\u00e9gbe vonja a k\u00e1rtya \u00e9rv\u00e9nyess\u00e9g\u00e9t, p\u00e9ld\u00e1ul a munk\u00e1ltat\u00f3ja vagy b\u00e1rmilyen szolg\u00e1ltat\u00f3 (eg\u00e9szs\u00e9g\u00fcgyi ell\u00e1t\u00e1s, oktat\u00e1s), k\u00e9rj\u00fck, t\u00e1j\u00e9koztassa \u0151ket a meghosszabb\u00edt\u00e1sr\u00f3l, \u00e9s mutassa meg nekik a hat\u00e1lyos jogszab\u00e1lyt (<a href=\"https:\/\/eur02.safelinks.protection.outlook.com\/?url=https%3A%2F%2Fnjt.hu%2Fjogszabaly%2F2025-196-20-22&amp;data=05%7C02%7Cmomandm%40unhcr.org%7Cd98a3853fb0a467df81808de4d2fd8a3%7Ce5c37981666441348a0c6543d2af80be%7C0%7C0%7C639033065039064157%7CUnknown%7CTWFpbGZsb3d8eyJFbXB0eU1hcGkiOnRydWUsIlYiOiIwLjAuMDAwMCIsIlAiOiJXaW4zMiIsIkFOIjoiTWFpbCIsIldUIjoyfQ%3D%3D%7C0%7C%7C%7C&amp;sdata=GKXWLkzmQJAlfka9Lc7HRBw2M%2FUm1f9C9QwJ7IVeau8%3D&amp;reserved=0\">196\/2025. (VII. 8.) Korm. rendelet<\/a> 2. \u00a7 (4) bekezd\u00e9se, melyet a <a href=\"https:\/\/eur02.safelinks.protection.outlook.com\/?url=https%3A%2F%2Fnjt.hu%2Fjogszabaly%2F2025-401-20-22.0%23CI&amp;data=05%7C02%7Cmomandm%40unhcr.org%7Cd98a3853fb0a467df81808de4d2fd8a3%7Ce5c37981666441348a0c6543d2af80be%7C0%7C0%7C639033065039094770%7CUnknown%7CTWFpbGZsb3d8eyJFbXB0eU1hcGkiOnRydWUsIlYiOiIwLjAuMDAwMCIsIlAiOiJXaW4zMiIsIkFOIjoiTWFpbCIsIldUIjoyfQ%3D%3D%7C0%7C%7C%7C&amp;sdata=Ar%2BdD1ZoiIOO8ePVy%2FKj3lBMH0bvV4x0aAZZHRQA9Vc%3D&amp;reserved=0\">401\/2025. (XII. 16.) Korm. rendelet<\/a> m\u00f3dos\u00edtott), amely kimondja, hogy a k\u00e1rty\u00e1k 2027. m\u00e1rcius 4-ig \u00e9rv\u00e9nyesek.<\/p>\n\n\n\n<p class=\"has-medium-font-size\">Amennyiben sz\u00fcks\u00e9ge van r\u00e1, k\u00e9rhet egy hivatalos igazol\u00e1st az Orsz\u00e1gos Idegenrend\u00e9szeti F\u0151igazgat\u00f3s\u00e1gt\u00f3l (OIF), amely meger\u0151s\u00edti ideiglenes v\u00e9delmi st\u00e1tusz\u00e1nak \u00e9rv\u00e9nyess\u00e9g\u00e9t. Ez a dokumentum igazolja, hogy Magyarorsz\u00e1g ideiglenes v\u00e9delmet biztos\u00edtott \u00d6nnek, \u00e9s hogy st\u00e1tusza \u00e9rv\u00e9nyes marad. Az igazol\u00e1s b\u00e1rmely <a href=\"https:\/\/eur02.safelinks.protection.outlook.com\/?url=https%3A%2F%2Fhelp.unhcr.org%2Fhungary%2Fhu%2Fndgap-offices%2F&amp;data=05%7C02%7Cmomandm%40unhcr.org%7Cd98a3853fb0a467df81808de4d2fd8a3%7Ce5c37981666441348a0c6543d2af80be%7C0%7C0%7C639033065039127978%7CUnknown%7CTWFpbGZsb3d8eyJFbXB0eU1hcGkiOnRydWUsIlYiOiIwLjAuMDAwMCIsIlAiOiJXaW4zMiIsIkFOIjoiTWFpbCIsIldUIjoyfQ%3D%3D%7C0%7C%7C%7C&amp;sdata=uLn5ctbggEiMcsKnOge3XfXi14dSS6jLYHHVdQ02r6o%3D&amp;reserved=0\">OIF \u00fcgyf\u00e9lszolg\u00e1lati irod\u00e1n<\/a> k\u00e9rhet\u0151.<\/p>\n\n\n\n<h2 class=\"wp-block-heading\" id=\"az-ideiglenes-vedelem-elonyei\"><strong>Az ideiglenes v\u00e9delem el\u0151nyei<\/strong><\/h2>\n\n\n\n<h3 class=\"wp-block-heading\"><strong>Tart\u00f3zkod\u00e1s<\/strong><\/h3>\n\n\n\n<p class=\"has-medium-font-size\">\u00d6n 2027. m\u00e1rcius 4-ig tart\u00f3zkodhat Magyarorsz\u00e1gon, \u00e9s ez a hat\u00e1rid\u0151 meghosszabb\u00edthat\u00f3. Amikor beny\u00fajtja az ideiglenes v\u00e9delem ir\u00e1nti k\u00e9relm\u00e9t, 60 napig \u00e9rv\u00e9nyes humanit\u00e1rius tart\u00f3zkod\u00e1si enged\u00e9lyt kap (\u201elamin\u00e1lt k\u00e1rty\u00e1nak\u201d is szokt\u00e1k nevezni). Amikor a menek\u00fclt\u00fcgyi hat\u00f3s\u00e1g ideiglenes v\u00e9delmet biztos\u00edt \u00d6nnek, tart\u00f3zkod\u00e1si enged\u00e9lyt kap (\u201eplasztikk\u00e1rty\u00e1nak\u201d is szokt\u00e1k nevezni). Az ideiglenes v\u00e9delmi (mened\u00e9kes) st\u00e1tusz megad\u00e1sa (illetve a plasztikk\u00e1rtya k\u00e9zhezv\u00e9tele) ak\u00e1r k\u00e9t h\u00f3napig is eltarthat. <a href=\"https:\/\/help.unhcr.org\/hungary\/hu\/housing\/\">Olvasson tov\u00e1bbi inform\u00e1ci\u00f3kat a lakhat\u00e1shoz val\u00f3 hozz\u00e1jut\u00e1sr\u00f3l<\/a>.<\/p>\n\n\n\n<p class=\"has-medium-font-size\">Ha a humanit\u00e1rius tart\u00f3zkod\u00e1si enged\u00e9lye hamarosan lej\u00e1r, \u00e9s m\u00e9g nem kapta meg a plasztikk\u00e1rty\u00e1j\u00e1t, forduljon a bev\u00e1ndorl\u00e1si hat\u00f3s\u00e1ghoz t\u00e1j\u00e9koztat\u00e1s\u00e9rt. Abban az esetben, ha gondok mer\u00fcltek fel az ideiglenes v\u00e9delem ig\u00e9nyl\u00e9s\u00e9vel, \u00e9s jogi seg\u00edts\u00e9gre van sz\u00fcks\u00e9ge, <a href=\"https:\/\/help.unhcr.org\/hungary\/hu\/partners\/hungarian-helsinki-committee\/\">seg\u00edts\u00e9get ny\u00fajthat a Magyar Helsinki Bizotts\u00e1g<\/a>.<\/p>\n\n\n\n<figure class=\"wp-block-image size-large\"><img loading=\"lazy\" decoding=\"async\" width=\"1072\" height=\"736\" src=\"https:\/\/help.unhcr.org\/hungary\/wp-content\/uploads\/sites\/86\/2024\/07\/d93c42c8620a99888e6896c5e6575e0a8822455f821564588dfb0db04bbba7bc.jpg\" alt=\"A humanit\u00e1rius tart\u00f3zkod\u00e1si enged\u00e9ly \u00e9s az ideiglenes v\u00e9delmi tart\u00f3zkod\u00e1si enged\u00e9ly\" class=\"wp-image-20624\" srcset=\"https:\/\/help.unhcr.org\/hungary\/wp-content\/uploads\/sites\/86\/2024\/07\/d93c42c8620a99888e6896c5e6575e0a8822455f821564588dfb0db04bbba7bc.jpg 1072w, https:\/\/help.unhcr.org\/hungary\/wp-content\/uploads\/sites\/86\/2024\/07\/d93c42c8620a99888e6896c5e6575e0a8822455f821564588dfb0db04bbba7bc-300x206.jpg 300w, https:\/\/help.unhcr.org\/hungary\/wp-content\/uploads\/sites\/86\/2024\/07\/d93c42c8620a99888e6896c5e6575e0a8822455f821564588dfb0db04bbba7bc-1024x703.jpg 1024w, https:\/\/help.unhcr.org\/hungary\/wp-content\/uploads\/sites\/86\/2024\/07\/d93c42c8620a99888e6896c5e6575e0a8822455f821564588dfb0db04bbba7bc-768x527.jpg 768w\" sizes=\"auto, (max-width: 1072px) 100vw, 1072px\" \/><figcaption class=\"wp-element-caption\">A humanit\u00e1rius tart\u00f3zkod\u00e1si enged\u00e9ly \u00e9s az ideiglenes v\u00e9delmi tart\u00f3zkod\u00e1si enged\u00e9ly<\/figcaption><\/figure>\n\n\n<p><\/p>\n\n\n<h3 class=\"wp-block-heading\"><strong>Eg\u00e9szs\u00e9g\u00fcgy<\/strong><\/h3>\n\n\n\n<p class=\"has-medium-font-size\">Ha \u00d6n ideiglenes v\u00e9delmet kapott, j\u00e1r \u00d6nnen ingyenes orvosi ell\u00e1t\u00e1st. Ezt h\u00e1ziorvoson vagy sz\u00fcks\u00e9g eset\u00e9n szakorvosi ell\u00e1t\u00e1son vagy a k\u00f3rh\u00e1zon kereszt\u00fcl lehet el\u00e9rni. \u00dcgyeljen arra, hogy az okm\u00e1nyait vigye mag\u00e1val, mert az orvos k\u00e9rheti \u0151ket. <a href=\"https:\/\/help.unhcr.org\/hungary\/hu\/healthcare\/\">Tov\u00e1bbi inform\u00e1ci\u00f3k az eg\u00e9szs\u00e9g\u00fcgyi ell\u00e1t\u00e1shoz val\u00f3 hozz\u00e1f\u00e9r\u00e9sr\u0151l<\/a>.<\/p>\n\n\n\n<p class=\"has-medium-font-size\">Abban az esetben, ha neh\u00e9zs\u00e9gekbe \u00fctk\u00f6zik az eg\u00e9szs\u00e9g\u00fcgyi ell\u00e1t\u00e1shoz val\u00f3 hozz\u00e1f\u00e9r\u00e9sben, tan\u00e1csad\u00e1sra vagy jogi seg\u00edts\u00e9gre van sz\u00fcks\u00e9ge, k\u00e9rj\u00fck, olvassa el a Magyar Helsinki Bizotts\u00e1g t\u00e1j\u00e9koztat\u00f3j\u00e1t (kinyomtathatja az eg\u00e9szs\u00e9g\u00fcgyi szolg\u00e1ltat\u00f3k sz\u00e1m\u00e1ra k\u00e9sz\u00fclt <a href=\"https:\/\/helsinki.hu\/wp-content\/uploads\/2023\/09\/Mintalevel-az-Ukrajnabol-menekulok-teritesmentes-illetve-tamogatott-egeszsegugyi-ellatasanak-elomozditasa-erdekeben.pdf\">magyar nyelv\u0171 lev\u00e9lmint\u00e1t<\/a>, amely elmagyar\u00e1zza az orvosnak az \u00d6n jogait). Ha a lev\u00e9l nem volt seg\u00edts\u00e9g\u00e9re, t\u00e1mogat\u00e1s\u00e9rt fordulhat a Magyar Helsinki Bizotts\u00e1ghoz vagy a Mened\u00e9k Egyes\u00fclethez.<\/p>\n\n\n\n<h3 class=\"wp-block-heading\"><strong>Oktat\u00e1s<\/strong><\/h3>\n\n\n\n<p class=\"has-medium-font-size\">K\u00e9relmez\u0151k\u00e9nt \u00e9s ideiglenes v\u00e9delemben r\u00e9szes\u00fcl\u0151k\u00e9nt <strong>joga van a gyermeke sz\u00e1m\u00e1ra ig\u00e9nybe venni b\u00f6lcs\u0151dei ell\u00e1t\u00e1st<\/strong>, \u00e9s k\u00f6teles a gyermek\u00e9t <strong>\u00f3vod\u00e1ba<\/strong> (3-6 \u00e9ves kor k\u00f6z\u00f6tt) \u00e9s <strong>iskol\u00e1ba<\/strong> (6-16 \u00e9ves kor k\u00f6z\u00f6tt) j\u00e1ratni. A k\u00f6zoktat\u00e1si int\u00e9zm\u00e9nyek (b\u00f6lcs\u0151d\u00e9k, \u00f3vod\u00e1k, \u00e1ltal\u00e1nos \u00e9s k\u00f6z\u00e9piskol\u00e1k) ingyenesek, de hivatalos be kell \u00edratnia a gyermeket. <a href=\"https:\/\/help.unhcr.org\/hungary\/hu\/education\/\">Tov\u00e1bbi inform\u00e1ci\u00f3k az oktat\u00e1sba val\u00f3 beiratkoz\u00e1sr\u00f3l<\/a>.<\/p>\n\n\n\n<h3 class=\"wp-block-heading\"><strong>P\u00e9nz\u00fcgyi t\u00e1mogat\u00e1s<\/strong><\/h3>\n\n\n\n<p class=\"has-medium-font-size\">Ha ideiglenes v\u00e9delmet kap, hozz\u00e1f\u00e9rhet p\u00e9nz\u00fcgyi t\u00e1mogat\u00e1shoz. Ennek \u00f6sszege v\u00e1ltoz\u00f3 &#8211; feln\u0151ttenk\u00e9nt havi 22 800, gyermekenk\u00e9nt havi 13 700 forint. A t\u00e1mogat\u00e1s ig\u00e9nyl\u00e9s\u00e9hez regisztr\u00e1lnia kell a helyileg illet\u00e9kes korm\u00e1nyhivataln\u00e1l.<\/p>\n\n\n\n<h2 class=\"wp-block-heading\" id=\"ideiglenes-vedelem-igenylese\"><strong>Ideiglenes v\u00e9delem ig\u00e9nyl\u00e9se<\/strong><\/h2>\n\n\n\n<p class=\"has-medium-font-size\">Ideiglenes v\u00e9delmet az <strong>Orsz\u00e1gos Idegenrend\u00e9szeti F\u0151igazgat\u00f3s\u00e1g<\/strong> magyarorsz\u00e1gi \u00fcgyf\u00e9lszolg\u00e1latain\u00e1l ig\u00e9nyelhet az al\u00e1bbiak szerint. <strong>K\u00e9relm\u00e9t a helyileg illet\u00e9kes <\/strong>Korm\u00e1nyablakban is beny\u00fajthatja.<\/p>\n\n\n\n<div class=\"wp-block-group\"><div class=\"wp-block-group__inner-container is-layout-constrained wp-block-group-is-layout-constrained\">\n<a href=\"https:\/\/help.unhcr.org\/hungary\/hu\/ndgap-offices\/\" style=\"text-decoration: none\">\n\n\n\n<div style=\"background-color:#E8E8E8;color:white;border-radius:10px;padding: 24px 24px 4px\">\n\n\n\n<figure class=\"wp-block-image size-full is-resized\"><img loading=\"lazy\" decoding=\"async\" width=\"100\" height=\"100\" src=\"https:\/\/help.unhcr.org\/hungary\/wp-content\/uploads\/sites\/86\/2024\/07\/callout_ndgap.png\" alt=\"\" class=\"wp-image-20226\" style=\"width:70px\" \/><\/figure>\n\n\n\n<div style=\"height:14px\" aria-hidden=\"true\" class=\"wp-block-spacer\"><\/div>\n\n\n\n<p class=\"has-black-color has-text-color has-link-color has-medium-font-size wp-elements-c6141affb7f83a649d0b37cca6ae9ce1\">Kattintson ide az Orsz\u00e1gos Idegenrend\u00e9szeti F\u0151igazgat\u00f3s\u00e1g irod\u00e1inak \u00e9s el\u00e9rhet\u0151s\u00e9geinek megtekint\u00e9s\u00e9hez.<\/p>\n\n\n\n<\/div><\/a>\n<\/div><\/div>\n\n\n\n<p><\/p>\n\n\n\n<h2 class=\"wp-block-heading\" id=\"visszateres-ukrajnaba\"><strong>Visszat\u00e9r\u00e9s Ukrajn\u00e1ba<\/strong><\/h2>\n\n\n\n<p class=\"has-medium-font-size\">Ideiglenes v\u00e9delem birtokosak\u00e9nt r\u00f6vid id\u0151re <strong>ell\u00e1togathat Ukrajn\u00e1ba an\u00e9lk\u00fcl, hogy elvesz\u00edten\u00e9 st\u00e1tusz\u00e1t<\/strong>. Tart\u00f3zkod\u00e1si enged\u00e9ly\u00e9t nem vonj\u00e1k vissza, l\u00e1togat\u00e1sa ut\u00e1n visszat\u00e9rhet Magyarorsz\u00e1gra.<\/p>\n\n\n\n<h2 class=\"wp-block-heading\" id=\"masik-eu-orszagba-koltozes\"><strong>M\u00e1sik EU-orsz\u00e1gba k\u00f6lt\u00f6z\u00e9s<\/strong><\/h2>\n\n\n\n<p class=\"has-medium-font-size\"><strong>Csak egy EU-tag\u00e1llamban<\/strong> r\u00e9szes\u00fclhet ideiglenes v\u00e9delemben. Ha m\u00e1sik orsz\u00e1gba k\u00f6lt\u00f6zik, az \u00faj orsz\u00e1gnak ugyanazokat a jogokat kell biztos\u00edtania \u00d6nnek, \u00e9s regisztr\u00e1ltatnia kell \u00d6nt ideiglenes v\u00e9delemre. Ekkor az els\u0151 orsz\u00e1gban szerzett st\u00e1tusz\u00e1t visszavonj\u00e1k. Mindig t\u00e1j\u00e9koztassa a hat\u00f3s\u00e1gokat d\u00f6nt\u00e9s\u00e9r\u0151l, ha hossz\u00fa t\u00e1von \u00fagy d\u00f6nt, hogy az egyik orsz\u00e1gb\u00f3l a m\u00e1sikbat k\u00f6lt\u00f6zik.<\/p>\n\n\n\n<h2 class=\"wp-block-heading\" id=\"ha-2022-februar-24-elott-erkezett\"><strong>Ha 2022. febru\u00e1r 24. el\u0151tt \u00e9rkezett<\/strong><\/h2>\n\n\n\n<p class=\"has-medium-font-size\">Ha <strong>\u00d6n Ukrajna \u00e1llampolg\u00e1ra, \u00e9s febru\u00e1r 24. el\u0151tt \u00e9rkezett, nem jogosult az ideiglenes v\u00e9delemre<\/strong>. Ett\u0151l m\u00e9g folyamodhat ideiglenes v\u00e9delem\u00e9rt (mened\u00e9kes st\u00e1tusz\u00e9rt), \u00e9s val\u00f3sz\u00edn\u0171leg megkapja a &#8222;befogadott st\u00e1tuszt&#8221;. B\u00e1r ez nem azonos a mened\u00e9kes st\u00e1tusszal, lehet\u0151v\u00e9 teszi, hogy Magyarorsz\u00e1gon maradjon, \u00e9s bizonyos jogokat is biztos\u00edt \u00d6nnek.<\/p>\n\n\n\n<p class=\"has-medium-font-size\">A befogadott st\u00e1tuszt a bev\u00e1ndorl\u00e1si hat\u00f3s\u00e1g \u00e9vente fel\u00fclvizsg\u00e1lja. A st\u00e1tusz megszerz\u00e9s\u00e9t\u0151l sz\u00e1m\u00edtott 30 napig jogosult a befogad\u00f3 l\u00e9tes\u00edtm\u00e9nyekben tart\u00f3zkodni \u00e9s ell\u00e1t\u00e1sban r\u00e9szes\u00fclni. Ha nem rendelkezik ingyenes \u00e1llami eg\u00e9szs\u00e9g\u00fcgyi ell\u00e1t\u00e1st biztos\u00edt\u00f3 t\u00e1rsadalombiztos\u00edt\u00e1ssal, akkor is jogosult bizonyos eg\u00e9szs\u00e9g\u00fcgyi szolg\u00e1ltat\u00e1sokra. Ez mag\u00e1ban foglalja az ingyenes helyi orvosi ell\u00e1t\u00e1st, a s\u00fcrg\u0151ss\u00e9gi ell\u00e1t\u00e1shoz val\u00f3 korl\u00e1tozott hozz\u00e1f\u00e9r\u00e9st \u00e9s a k\u00f6telez\u0151 olt\u00e1si szolg\u00e1ltat\u00e1sokat. <a href=\"https:\/\/help.unhcr.org\/hungary\/hu\/asylum\/\">Tov\u00e1bbi inform\u00e1ci\u00f3kat itt kap a befogadott st\u00e1tuszr\u00f3l<\/a>.<\/p>\n\n\n\n<div class=\"wp-block-group\"><div class=\"wp-block-group__inner-container is-layout-constrained wp-block-group-is-layout-constrained\">\n<a href=\"https:\/\/help.unhcr.org\/hungary\/hu\/partners\/hungarian-helsinki-committee\/\" style=\"text-decoration: none\">\n\n\n\n<div style=\"background-color:#E8E8E8;color:white;border-radius:10px;padding: 24px 24px 1px\">\n\n\n\n<figure class=\"wp-block-image size-full is-resized\"><img loading=\"lazy\" decoding=\"async\" width=\"100\" height=\"100\" src=\"https:\/\/help.unhcr.org\/hungary\/wp-content\/uploads\/sites\/86\/2024\/07\/callout_hhc.png\" alt=\"\" class=\"wp-image-20671\" style=\"width:70px\" \/><\/figure>\n\n\n\n<div style=\"height:14px\" aria-hidden=\"true\" class=\"wp-block-spacer\"><\/div>\n\n\n\n<p class=\"has-black-color has-text-color has-link-color has-medium-font-size wp-elements-0e3d7cfcf9bf39b6fe9efe7c1c596034\"><strong>Ide kattintva l\u00e9phet kapcsolatba a Magyar Helsinki Bizotts\u00e1ggal<\/strong>, akik az Ukrajn\u00e1b\u00f3l menek\u00fclt szem\u00e9lyek v\u00e9delm\u00e9vel kapcsolatban, bele\u00e9rtve a Magyarorsz\u00e1gra val\u00f3 beutaz\u00e1st \u00e9s az ideiglenes v\u00e9delem megszerz\u00e9s\u00e9t; a csal\u00e1degyes\u00edt\u00e9sben; a rossz b\u00e1n\u00e1sm\u00f3d, er\u0151szak vagy vissza\u00e9l\u00e9s bejelent\u00e9s\u00e9ben; \u00e9s a gy\u0171l\u00f6let-b\u0171ncselekm\u00e9nyek kezel\u00e9s\u00e9ben tudnak seg\u00edts\u00e9get ny\u00fajtani.<\/p>\n\n\n\n<\/div><\/a>\n<\/div><\/div>\n\n\n\n<p><\/p>\n\n\n\n<div class=\"wp-block-group\"><div class=\"wp-block-group__inner-container is-layout-constrained wp-block-group-is-layout-constrained\">\n<div style=\"background-color:#b9dfff;color:white;border-radius:10px;padding: 24px 24px 4px\">\n\n\n\n<figure class=\"wp-block-image size-full is-resized\"><img loading=\"lazy\" decoding=\"async\" width=\"100\" height=\"100\" src=\"https:\/\/help.unhcr.org\/hungary\/wp-content\/uploads\/sites\/86\/2024\/06\/callout_rcc-1.png\" alt=\"\" class=\"wp-image-18970\" style=\"width:70px\" \/><\/figure>\n\n\n\n<div style=\"height:14px\" aria-hidden=\"true\" class=\"wp-block-spacer\"><\/div>\n\n\n\n<p class=\"has-black-color has-text-color has-link-color has-medium-font-size wp-elements-e1e1581f5ef08b553a198e2f5feea1cb\">Tov\u00e1bbi inform\u00e1ci\u00f3k\u00e9rt, valamint visszajelz\u00e9s\u00e9vel vagy panasz\u00e1val h\u00edvja a <strong>UNHCR Menek\u00fclt\u00fcgyi Seg\u00e9lyvonal\u00e1t<\/strong> a <strong><a href=\"tel:+36 80 984 583\">+36 80 984 583<\/a>\u200b<\/strong> telefonsz\u00e1mon (h\u00e9tf\u0151t\u0151l p\u00e9ntekig, 08:00 \u2013 17:00 k\u00f6z\u00f6tt) ukr\u00e1n, orosz, magyar \u00e9s angol nyelven, vagy keressen minket e-mailen a <a href=\"mailto:hunbucontact@unhcr.org\">hunbucontact@unhcr.org<\/a> c\u00edmen.<\/p>\n\n\n\n<\/div>\n<\/div><\/div>\n\n\n\n<p class=\"has-medium-font-size\"><br><\/p>\n","protected":false},"excerpt":{"rendered":"<p>EZEN AZ OLDALON: \u2022 Mi az az Ideiglenes V\u00e9delem?\u2022 Ideiglenes v\u00e9delemre val\u00f3 jogosults\u00e1g\u2022 Az ideiglenes v\u00e9delem \u00e9rv\u00e9nyess\u00e9ge\u2022 Az ideiglenes v\u00e9delem el\u0151nyei\u2022 Ideiglenes v\u00e9delem ig\u00e9nyl\u00e9se\u2022 Visszat\u00e9r\u00e9s Ukrajn\u00e1ba\u2022 M\u00e1sik EU-orsz\u00e1gba k\u00f6lt\u00f6z\u00e9s\u2022 Ha 2022. febru\u00e1r 24. el\u0151tt \u00e9rkezett A ideiglenes v\u00e9delmi k\u00e1rty\u00e1k \u00e9rv\u00e9nyess\u00e9g\u00e9t 2027. m\u00e1rcius 4-ig meghosszabb\u00edtott\u00e1k Magyarorsz\u00e1g Korm\u00e1nya meghosszabb\u00edtotta az ideiglenes v\u00e9delmi k\u00e1rty\u00e1k \u00e9rv\u00e9nyess\u00e9g\u00e9t 2027. m\u00e1rcius 4-ig. [&hellip;]<\/p>\n","protected":false},"author":347,"featured_media":0,"parent":0,"menu_order":3,"comment_status":"closed","ping_status":"closed","template":"","meta":{"_acf_changed":false,"footnotes":""},"class_list":["post-42810","page","type-page","status-publish","hentry"],"acf":[],"_links":{"self":[{"href":"https:\/\/help.unhcr.org\/hungary\/hu\/wp-json\/wp\/v2\/pages\/42810","targetHints":{"allow":["GET"]}}],"collection":[{"href":"https:\/\/help.unhcr.org\/hungary\/hu\/wp-json\/wp\/v2\/pages"}],"about":[{"href":"https:\/\/help.unhcr.org\/hungary\/hu\/wp-json\/wp\/v2\/types\/page"}],"author":[{"embeddable":true,"href":"https:\/\/help.unhcr.org\/hungary\/hu\/wp-json\/wp\/v2\/users\/347"}],"replies":[{"embeddable":true,"href":"https:\/\/help.unhcr.org\/hungary\/hu\/wp-json\/wp\/v2\/comments?post=42810"}],"version-history":[{"count":25,"href":"https:\/\/help.unhcr.org\/hungary\/hu\/wp-json\/wp\/v2\/pages\/42810\/revisions"}],"predecessor-version":[{"id":49423,"href":"https:\/\/help.unhcr.org\/hungary\/hu\/wp-json\/wp\/v2\/pages\/42810\/revisions\/49423"}],"wp:attachment":[{"href":"https:\/\/help.unhcr.org\/hungary\/hu\/wp-json\/wp\/v2\/media?parent=42810"}],"curies":[{"name":"wp","href":"https:\/\/api.w.org\/{rel}","templated":true}]}}