{"id":20507,"date":"2024-06-05T17:26:53","date_gmt":"2024-06-05T17:26:53","guid":{"rendered":"https:\/\/help.unhcr.org\/hungary\/new\/legal-help\/"},"modified":"2025-07-10T13:01:39","modified_gmt":"2025-07-10T13:01:39","slug":"legal-help","status":"publish","type":"page","link":"https:\/\/help.unhcr.org\/hungary\/hu\/legal-help\/","title":{"rendered":"Jogi seg\u00edts\u00e9g ig\u00e9nybev\u00e9tele"},"content":{"rendered":"\n<div class=\"wp-block-group\"><div class=\"wp-block-group__inner-container is-layout-constrained wp-block-group-is-layout-constrained\">\n<a href=\"https:\/\/help.unhcr.org\/hungary\/hu\/asylum\/\" style=\"text-decoration: none\">\n\n\n\n<div style=\"background-color:#FCF366;color:white;border-radius:10px;padding: 30px 24px 1px\">\n\n\n\n<p class=\"has-black-color has-text-color has-link-color has-medium-font-size wp-elements-080beabd8b69db7f740227ff038c26b9\"><strong>Ez az oldal az Ukrajn\u00e1b\u00f3l Magyarorsz\u00e1gra menek\u00fcl\u0151k sz\u00e1m\u00e1ra k\u00e9sz\u00fclt.<\/strong> Ha egy m\u00e1sik orsz\u00e1gb\u00f3l szeretne mened\u00e9kjogot k\u00e9rni, k\u00e9rj\u00fck, kattintson ide tov\u00e1bbi inform\u00e1ci\u00f3k\u00e9rt.<\/p>\n\n\n\n<\/div><\/a>\n<\/div><\/div>\n\n\n\n<p><\/p>\n\n\n\n<p class=\"has-medium-font-size\">Ha ingyenes jogi seg\u00edts\u00e9gny\u00fajt\u00e1sra szorul Magyarorsz\u00e1gon, t\u00f6bb szervezet is tud seg\u00edts\u00e9get ny\u00fajtani k\u00fcl\u00f6nf\u00e9le jogi k\u00e9rd\u00e9sekben. K\u00f6zvetlen k\u00f6zvet\u00edt\u00e9s\u00e9rt h\u00edvja az UNHCR menek\u00fclt\u00fcgyi forr\u00f3dr\u00f3tj\u00e1t. <\/p>\n\n\n<div class=\"wp-block-group\"><div class=\"wp-block-group__inner-container is-layout-constrained wp-block-group-is-layout-constrained\">\n<div style=\"background-color:#b9dfff;color:white;border-radius:10px;padding: 24px 24px 4px\">\n\n\n\n<figure class=\"wp-block-image size-full is-resized\"><img loading=\"lazy\" decoding=\"async\" width=\"100\" height=\"100\" src=\"https:\/\/help.unhcr.org\/hungary\/wp-content\/uploads\/sites\/86\/2024\/06\/callout_rcc-1.png\" alt=\"\" class=\"wp-image-18970\" style=\"width:70px\" \/><\/figure>\n\n\n\n<div style=\"height:14px\" aria-hidden=\"true\" class=\"wp-block-spacer\"><\/div>\n\n\n\n<p class=\"has-black-color has-text-color has-link-color has-medium-font-size wp-elements-e1e1581f5ef08b553a198e2f5feea1cb\">Tov\u00e1bbi inform\u00e1ci\u00f3k\u00e9rt, valamint visszajelz\u00e9s\u00e9vel vagy panasz\u00e1val h\u00edvja a <strong>UNHCR Menek\u00fclt\u00fcgyi Seg\u00e9lyvonal\u00e1t<\/strong> a <strong><a href=\"tel:+36 80 984 583\">+36 80 984 583<\/a>\u200b<\/strong> telefonsz\u00e1mon (h\u00e9tf\u0151t\u0151l p\u00e9ntekig, 08:00 \u2013 17:00 k\u00f6z\u00f6tt) ukr\u00e1n, orosz, magyar \u00e9s angol nyelven, vagy keressen minket e-mailen a <a href=\"mailto:hunbucontact@unhcr.org\">hunbucontact@unhcr.org<\/a> c\u00edmen.<\/p>\n\n\n\n<\/div>\n<\/div><\/div>\n\n<h3 class=\"wp-block-heading\"><strong><br \/><a href=\"https:\/\/help.unhcr.org\/hungary\/hu\/partners\/hungarian-helsinki-committee\/\">Magyar Helsinki Bizotts\u00e1g<\/a><\/strong><\/h3>\n\n\n<ul class=\"has-medium-font-size wp-block-list\">\n<li class=\"has-medium-font-size\">Ukrajn\u00e1b\u00f3l menek\u00fcl\u0151 szem\u00e9lyek v\u00e9delme, bele\u00e9rtve a Magyarorsz\u00e1gra val\u00f3 beutaz\u00e1s \u00e9s az ideiglenes v\u00e9delem megszerz\u00e9s\u00e9hez ny\u00fajtott seg\u00edt\u00e9s\u00e9t.<\/li>\n\n<li class=\"has-medium-font-size\">Seg\u00edts\u00e9gny\u00fajt\u00e1s a csal\u00e1degyes\u00edt\u00e9shez (\u00fajraegyes\u00fcl\u00e9s k\u00f6zvetlen csal\u00e1dtagokkal).<\/li>\n\n<li class=\"has-medium-font-size\">A rossz b\u00e1n\u00e1sm\u00f3d, az er\u0151szak vagy a vissza\u00e9l\u00e9s kezel\u00e9se.<\/li>\n\n<li class=\"has-medium-font-size\">A gy\u0171l\u00f6let-b\u0171ncselekm\u00e9nyek kezel\u00e9se (t\u00e1rsadalmi csoporthoz val\u00f3 hovatartoz\u00e1son alapul\u00f3 fizikai vagy verb\u00e1lis t\u00e1mad\u00e1sok).<\/li>\n<\/ul>\n\n<h3 class=\"wp-block-heading\"><strong><a href=\"https:\/\/help.unhcr.org\/hungary\/hu\/partners\/menedek-hungarian-association-for-migrants\/\">Menedek Egyes\u00fclet<\/a><\/strong><\/h3>\n\n\n<ul class=\"has-medium-font-size wp-block-list\">\n<li class=\"has-medium-font-size\">Tan\u00e1csad\u00e1s \u00e9s jogi tan\u00e1csad\u00e1s mened\u00e9kjoggal \u00e9s bev\u00e1ndorl\u00e1ssal kapcsolatban.<\/li>\n\n<li class=\"has-medium-font-size\">V\u00edzummal \u00e9s tart\u00f3zkod\u00e1si enged\u00e9llyel kapcsolatos k\u00e9rd\u00e9sek.<\/li>\n\n<li class=\"has-medium-font-size\">Szoci\u00e1lis jogok \u00e9rv\u00e9nyes\u00edt\u00e9s\u00e9nek t\u00e1mogat\u00e1sa, bele\u00e9rtve a szoci\u00e1lis t\u00e1mogat\u00e1shoz \u00e9s szolg\u00e1ltat\u00e1sokhoz val\u00f3 hozz\u00e1f\u00e9r\u00e9st, a munk\u00e1hoz \u00e9s oktat\u00e1shoz f\u0171z\u0151d\u0151 jogokat.<\/li>\n<\/ul>\n\n<h3 class=\"wp-block-heading\"><strong>Jogi seg\u00edts\u00e9g Budapest Helps! Inform\u00e1ci\u00f3s \u00e9s k\u00f6z\u00f6ss\u00e9gi k\u00f6zpontban<\/strong><\/h3>\n\n\n<p class=\"has-medium-font-size\">Az OPL gunnercooke \u00fcgyv\u00e9di iroda szakk\u00e9pzett \u00fcgyv\u00e9dei ny\u00fajtanak jogi seg\u00edts\u00e9get a <a href=\"https:\/\/help.unhcr.org\/hungary\/hu\/budapest-helps\/\">Budapest Helps! Inform\u00e1ci\u00f3s \u00e9s K\u00f6z\u00f6ss\u00e9gi K\u00f6zpontban<\/a> k\u00e9thetente egyszer, ingyenesen. Az \u00fcgyv\u00e9dek mindennapi jogi k\u00e9rd\u00e9sekben, p\u00e9ld\u00e1ul v\u00e1llalkoz\u00e1salap\u00edt\u00e1sban vagy -vezet\u00e9sben, bev\u00e1ndorl\u00e1si \u00fcgyekben \u00e9s ingatlan\u00fcgyekben ny\u00fajtanak seg\u00edts\u00e9get. Az egy\u00e9ni konzult\u00e1ci\u00f3kra <a href=\"https:\/\/t.me\/UNHCR_Hungary\">Telegram csatorn\u00e1nkon<\/a> lehet regisztr\u00e1lni.<\/p>\n\n\n<h3 class=\"wp-block-heading\"><strong>Know Your Rights &#8211; Jogi inform\u00e1ci\u00f3k a DLA Piper Magyarorsz\u00e1gt\u00f3l<\/strong><\/h3>\n\n\n<p class=\"has-medium-font-size\">A <a href=\"https:\/\/www.dlapiper.com\/en-hu\/locations\/budapest\">DLA Piper \u00fcgyv\u00e9di iroda<\/a> hasznos t\u00e1j\u00e9koztat\u00f3 anyagot \u00e1ll\u00edtott \u00f6ssze az Ukrajn\u00e1b\u00f3l \u00e9rkez\u0151 menek\u00fcltek sz\u00e1m\u00e1ra a munkav\u00e1llal\u00e1s szab\u00e1lyair\u00f3l, a t\u00e1rsadalombiztos\u00edt\u00e1si ell\u00e1t\u00e1sr\u00f3l, a szem\u00e9lyi j\u00f6vedelemad\u00f3r\u00f3l, a lak\u00e1sb\u00e9rl\u00e9sr\u0151l \u00e9s ingatlanv\u00e1s\u00e1rl\u00e1sr\u00f3l, valamint az \u00fczleti tev\u00e9kenys\u00e9g v\u00e9gz\u00e9s\u00e9r\u0151l Magyarorsz\u00e1gon.<\/p>\n\n\n<p class=\"has-medium-font-size\"><a href=\"https:\/\/help.unhcr.org\/hungary\/wp-content\/uploads\/sites\/86\/2025\/06\/DLA_UNCHR_KYR_Brochure_ALL_HU.pdf\">A t\u00e1j\u00e9koztat\u00f3 let\u00f6lt\u00e9s\u00e9hez kattintson ide.<\/a><\/p>\n\n","protected":false},"excerpt":{"rendered":"<p>Ha ingyenes jogi seg\u00edts\u00e9gny\u00fajt\u00e1sra szorul Magyarorsz\u00e1gon, t\u00f6bb szervezet is tud seg\u00edts\u00e9get ny\u00fajtani k\u00fcl\u00f6nf\u00e9le jogi k\u00e9rd\u00e9sekben. K\u00f6zvetlen k\u00f6zvet\u00edt\u00e9s\u00e9rt h\u00edvja az UNHCR menek\u00fclt\u00fcgyi forr\u00f3dr\u00f3tj\u00e1t. Magyar Helsinki Bizotts\u00e1g Menedek Egyes\u00fclet Jogi seg\u00edts\u00e9g Budapest Helps! Inform\u00e1ci\u00f3s \u00e9s k\u00f6z\u00f6ss\u00e9gi k\u00f6zpontban Az OPL gunnercooke \u00fcgyv\u00e9di iroda szakk\u00e9pzett \u00fcgyv\u00e9dei ny\u00fajtanak jogi seg\u00edts\u00e9get a Budapest Helps! Inform\u00e1ci\u00f3s \u00e9s K\u00f6z\u00f6ss\u00e9gi K\u00f6zpontban k\u00e9thetente egyszer, ingyenesen. [&hellip;]<\/p>\n","protected":false},"author":347,"featured_media":0,"parent":0,"menu_order":7,"comment_status":"closed","ping_status":"closed","template":"","meta":{"_acf_changed":false,"footnotes":""},"class_list":["post-20507","page","type-page","status-publish","hentry"],"acf":[],"_links":{"self":[{"href":"https:\/\/help.unhcr.org\/hungary\/hu\/wp-json\/wp\/v2\/pages\/20507","targetHints":{"allow":["GET"]}}],"collection":[{"href":"https:\/\/help.unhcr.org\/hungary\/hu\/wp-json\/wp\/v2\/pages"}],"about":[{"href":"https:\/\/help.unhcr.org\/hungary\/hu\/wp-json\/wp\/v2\/types\/page"}],"author":[{"embeddable":true,"href":"https:\/\/help.unhcr.org\/hungary\/hu\/wp-json\/wp\/v2\/users\/347"}],"replies":[{"embeddable":true,"href":"https:\/\/help.unhcr.org\/hungary\/hu\/wp-json\/wp\/v2\/comments?post=20507"}],"version-history":[{"count":187,"href":"https:\/\/help.unhcr.org\/hungary\/hu\/wp-json\/wp\/v2\/pages\/20507\/revisions"}],"predecessor-version":[{"id":44985,"href":"https:\/\/help.unhcr.org\/hungary\/hu\/wp-json\/wp\/v2\/pages\/20507\/revisions\/44985"}],"wp:attachment":[{"href":"https:\/\/help.unhcr.org\/hungary\/hu\/wp-json\/wp\/v2\/media?parent=20507"}],"curies":[{"name":"wp","href":"https:\/\/api.w.org\/{rel}","templated":true}]}}