{"id":100,"date":"2022-04-12T11:03:41","date_gmt":"2022-04-12T11:03:41","guid":{"rendered":"https:\/\/help.unhcr.org\/france\/?page_id=100"},"modified":"2022-04-12T11:03:42","modified_gmt":"2022-04-12T11:03:42","slug":"la-reunification-et-le-regroupement-familial-e","status":"publish","type":"page","link":"https:\/\/help.unhcr.org\/france\/la-reunification-et-le-regroupement-familial-e\/","title":{"rendered":"La r\u00e9unification et le regroupement familial\/e"},"content":{"rendered":"\n<p>Le bureau du HCR en France n\u2019est pas comp\u00e9tent en termes de r\u00e9unification familiale ou de regroupement familial. Le HCR n\u2019est pas non plus en mesure d\u2019aider financi\u00e8rement les personnes qui souhaitent demander la r\u00e9unification familiale ou le regroupement familial.<\/p>\n\n\n\n<p class=\"has-black-color has-text-color\"><em>Pour des informations sur la proc\u00e9dure \u00e0 suivre en France et les acteurs comp\u00e9tents \u00e0 contacter, veuillez consulter les pages correspondantes ci-dessous.<\/em><\/p>\n\n\n\n<p><\/p>\n","protected":false},"excerpt":{"rendered":"<p>Le bureau du HCR en France n\u2019est pas comp\u00e9tent en termes de r\u00e9unification familiale ou de regroupement familial. Le HCR n\u2019est pas non plus en mesure d\u2019aider financi\u00e8rement les personnes qui souhaitent demander la r\u00e9unification familiale ou le regroupement familial. Pour des informations sur la proc\u00e9dure \u00e0 suivre en France et les acteurs comp\u00e9tents \u00e0 [&hellip;]<\/p>\n","protected":false},"author":72,"featured_media":0,"parent":0,"menu_order":0,"comment_status":"closed","ping_status":"closed","template":"page-templates\/listing_page.php","meta":{"_acf_changed":false,"footnotes":""},"class_list":["post-100","page","type-page","status-publish","hentry"],"acf":[],"_links":{"self":[{"href":"https:\/\/help.unhcr.org\/france\/wp-json\/wp\/v2\/pages\/100","targetHints":{"allow":["GET"]}}],"collection":[{"href":"https:\/\/help.unhcr.org\/france\/wp-json\/wp\/v2\/pages"}],"about":[{"href":"https:\/\/help.unhcr.org\/france\/wp-json\/wp\/v2\/types\/page"}],"author":[{"embeddable":true,"href":"https:\/\/help.unhcr.org\/france\/wp-json\/wp\/v2\/users\/72"}],"replies":[{"embeddable":true,"href":"https:\/\/help.unhcr.org\/france\/wp-json\/wp\/v2\/comments?post=100"}],"version-history":[{"count":1,"href":"https:\/\/help.unhcr.org\/france\/wp-json\/wp\/v2\/pages\/100\/revisions"}],"predecessor-version":[{"id":101,"href":"https:\/\/help.unhcr.org\/france\/wp-json\/wp\/v2\/pages\/100\/revisions\/101"}],"wp:attachment":[{"href":"https:\/\/help.unhcr.org\/france\/wp-json\/wp\/v2\/media?parent=100"}],"curies":[{"name":"wp","href":"https:\/\/api.w.org\/{rel}","templated":true}]}}