{"id":915,"date":"2022-12-07T10:36:22","date_gmt":"2022-12-07T10:36:22","guid":{"rendered":"https:\/\/help.unhcr.org\/finland\/how-to-apply-for-asylum-in-finland\/what-happens-after-i-applied-for-asylum\/"},"modified":"2025-02-13T13:26:04","modified_gmt":"2025-02-13T13:26:04","slug":"what-happens-after-i-applied-for-asylum","status":"publish","type":"page","link":"https:\/\/help.unhcr.org\/finland\/tr\/how-to-apply-for-asylum-in-finland\/what-happens-after-i-applied-for-asylum\/","title":{"rendered":"S\u0131\u011f\u0131nma ba\u015fvurusunda bulunduktan sonra ne olacak?"},"content":{"rendered":"\n<p><strong><font><font>\u27a1\ufe0f<\/font><\/font><a href=\"https:\/\/www.infofinland.fi\/en\/moving-to-finland\/non-eu-citizens\/asylum-in-finland\" target=\"_blank\" rel=\"noreferrer noopener\">Finlandiya&#8217;n\u0131n t\u00fcm s\u0131\u011f\u0131nma prosed\u00fcr\u00fc bilgilerine eri\u015fmek i\u00e7in H\u00fck\u00fcmetin web sitesini ziyaret edin<\/a>.<\/strong><\/p>\n\n\n\n<h2 class=\"wp-block-heading\">Ad\u0131m 1 \u2013 Kay\u0131t<\/h2>\n\n\n\n<p>\u0130ltica ba\u015fvurusunda bulunduktan sonra Finlandiya G\u00f6\u00e7menlik B\u00fcrosu ba\u015fvurunuzu kaydedecektir. Finlandiya G\u00f6\u00e7menlik Dairesi b\u00fcnyesindeki \u0130ltica Birimi, iltica ba\u015fvurunuzun i\u015fleme al\u0131nmas\u0131ndan hangi \u00fclkenin sorumlu oldu\u011funu de\u011ferlendirecektir. Kay\u0131t olduktan sonra, kay\u0131t makam\u0131ndan uluslararas\u0131 koruma ba\u015fvuru sahibine ait bir sertifika alacaks\u0131n\u0131z. Bu belgeleri g\u00fcvenli bir yerde saklaman\u0131z ve bir kopyas\u0131n\u0131 her zaman yan\u0131n\u0131zda ta\u015f\u0131man\u0131z \u00f6nemlidir.<\/p>\n\n\n\n<p><font><strong><font>\u27a1\ufe0f<\/font><\/strong><\/font><a href=\"https:\/\/migri.fi\/palvelupisteet\"><strong>Finlandiya G\u00f6\u00e7menlik Dairesi&#8217;nin web sitesinde hizmet noktalar\u0131n\u0131n listesini burada bulabilirsiniz.<\/strong><\/a><\/p>\n\n\n\n<p>\u0130ltica ba\u015fvurunuzun de\u011ferlendirilmesinden Finlandiya sorumluysa, Finlandiya G\u00f6\u00e7menlik B\u00fcrosu b\u00fcnyesindeki \u0130ltica Biriminin uzman memurlar\u0131, s\u0131\u011f\u0131nma ba\u015fvurunuzun de\u011ferlendirilmesine devam edecektir. Finlandiya G\u00f6\u00e7menlik B\u00fcrosu, genellikle <strong>6 aya <\/strong>kadar s\u00fcren<strong> <\/strong>prosed\u00fcr\u00fc ba\u015flatacakt\u0131r.<\/p>\n\n\n\n<p>Ba\u015fvurunuz kaydedildikten sonra nihai karar verilinceye kadar <strong>s\u0131\u011f\u0131nmac\u0131 stat\u00fcs\u00fcne <\/strong>sahip olacaks\u0131n\u0131z. Bir s\u0131\u011f\u0131nmac\u0131 olarak bir konaklama merkezine yerle\u015ftirileceksiniz. \u0130stisnai durumlarda mahkeme tutukluluk halinize izin verebilir.<\/p>\n\n\n\n<p><font><strong><font>\u27a1\ufe0f<\/font><\/strong><\/font><a href=\"https:\/\/help.unhcr.org\/finland\/how-to-apply-for-asylum-in-finland\/what-are-my-rights-and-obligations-as-asylum-seeker\/\" target=\"_blank\" rel=\"noreferrer noopener\"><strong>S\u0131\u011f\u0131nmac\u0131lar\u0131n hak ve y\u00fck\u00fcml\u00fcl\u00fcklerine ili\u015fkin bilgi i\u00e7in buray\u0131 t\u0131klay\u0131n.<\/strong><\/a><\/p>\n\n\n\n<h2 class=\"wp-block-heading\"><strong>Ad\u0131m 2 \u2013 M\u00fclakat<\/strong><\/h2>\n\n\n\n<p>Bireysel bir g\u00f6r\u00fc\u015fme s\u0131ras\u0131nda size Finlandiya&#8217;ya s\u0131\u011f\u0131nma talebinde bulunman\u0131z\u0131n nedenlerini a\u00e7\u0131klama f\u0131rsat\u0131 verilecektir. \u0130ltica g\u00f6r\u00fc\u015fmesi iltica prosed\u00fcr\u00fcnde \u00e7ok <strong>\u00f6nemli bir ad\u0131md\u0131r.<\/strong><\/p>\n\n\n\n<p>G\u00f6r\u00fc\u015fme s\u0131ras\u0131nda, iltica ba\u015fvurunuzu destekleyecek m\u00fcmk\u00fcn oldu\u011funca fazla bilgi verme ve iltica talebinizi destekleyen mevcut t\u00fcm belgeleri sunma f\u0131rsat\u0131na sahipsiniz. Ba\u015f\u0131n\u0131za ne geldi\u011fini ve men\u015fe \u00fclkenize geri g\u00f6nderilmeniz halinde nelerden korktu\u011funuzu tam olarak anlatman\u0131z \u00f6nemlidir.<\/p>\n\n\n\n<p>Finlandiya makamlar\u0131,<strong> s\u0131\u011f\u0131nma ba\u015fvurunuz s\u0131ras\u0131nda sa\u011flad\u0131\u011f\u0131n\u0131z bilgilerin hi\u00e7birini<\/strong> (belgeler, iltica g\u00f6r\u00fc\u015fmesi s\u0131ras\u0131ndaki kay\u0131tlar) kendi \u00fclkenizle veya ba\u015fka herhangi biriyle payla\u015fmayacakt\u0131r.<\/p>\n\n\n\n<p>The Finnish authorities will not share any of the <strong>information you provide during your application for asylum<\/strong> (documents, records during asylum interview with you) with your home country or anyone else.<\/p>\n\n\n\n<div class=\"wp-block-buttons is-content-justification-center is-layout-flex wp-container-core-buttons-is-layout-16018d1d wp-block-buttons-is-layout-flex\">\n<div class=\"wp-block-button\"><a class=\"wp-block-button__link has-black-color has-text-color has-background wp-element-button\" href=\"https:\/\/help.unhcr.org\/finland\/how-to-apply-for-asylum-in-finland\/what-can-be-the-decision-in-my-case\/\" style=\"background-color:#cce3f2\"><strong>Benim durumumda karar ne olabilir?<\/strong><\/a><\/div>\n<\/div>\n","protected":false},"excerpt":{"rendered":"<p>\u27a1\ufe0fFinlandiya&#8217;n\u0131n t\u00fcm s\u0131\u011f\u0131nma prosed\u00fcr\u00fc bilgilerine eri\u015fmek i\u00e7in H\u00fck\u00fcmetin web sitesini ziyaret edin. Ad\u0131m 1 \u2013 Kay\u0131t \u0130ltica ba\u015fvurusunda bulunduktan sonra Finlandiya G\u00f6\u00e7menlik B\u00fcrosu ba\u015fvurunuzu kaydedecektir. Finlandiya G\u00f6\u00e7menlik Dairesi b\u00fcnyesindeki \u0130ltica Birimi, iltica ba\u015fvurunuzun i\u015fleme al\u0131nmas\u0131ndan hangi \u00fclkenin sorumlu oldu\u011funu de\u011ferlendirecektir. Kay\u0131t olduktan sonra, kay\u0131t makam\u0131ndan uluslararas\u0131 koruma ba\u015fvuru sahibine ait bir sertifika alacaks\u0131n\u0131z. Bu belgeleri [&hellip;]<\/p>\n","protected":false},"author":310,"featured_media":0,"parent":909,"menu_order":2,"comment_status":"closed","ping_status":"closed","template":"","meta":{"_acf_changed":false,"footnotes":""},"class_list":["post-915","page","type-page","status-publish","hentry"],"acf":[],"_links":{"self":[{"href":"https:\/\/help.unhcr.org\/finland\/tr\/wp-json\/wp\/v2\/pages\/915","targetHints":{"allow":["GET"]}}],"collection":[{"href":"https:\/\/help.unhcr.org\/finland\/tr\/wp-json\/wp\/v2\/pages"}],"about":[{"href":"https:\/\/help.unhcr.org\/finland\/tr\/wp-json\/wp\/v2\/types\/page"}],"author":[{"embeddable":true,"href":"https:\/\/help.unhcr.org\/finland\/tr\/wp-json\/wp\/v2\/users\/310"}],"replies":[{"embeddable":true,"href":"https:\/\/help.unhcr.org\/finland\/tr\/wp-json\/wp\/v2\/comments?post=915"}],"version-history":[{"count":2,"href":"https:\/\/help.unhcr.org\/finland\/tr\/wp-json\/wp\/v2\/pages\/915\/revisions"}],"predecessor-version":[{"id":1141,"href":"https:\/\/help.unhcr.org\/finland\/tr\/wp-json\/wp\/v2\/pages\/915\/revisions\/1141"}],"up":[{"embeddable":true,"href":"https:\/\/help.unhcr.org\/finland\/tr\/wp-json\/wp\/v2\/pages\/909"}],"wp:attachment":[{"href":"https:\/\/help.unhcr.org\/finland\/tr\/wp-json\/wp\/v2\/media?parent=915"}],"curies":[{"name":"wp","href":"https:\/\/api.w.org\/{rel}","templated":true}]}}