{"id":909,"date":"2022-12-07T10:19:00","date_gmt":"2022-12-07T10:19:00","guid":{"rendered":"https:\/\/help.unhcr.org\/finland\/how-to-apply-for-asylum-in-finland\/"},"modified":"2025-02-13T13:24:33","modified_gmt":"2025-02-13T13:24:33","slug":"how-to-apply-for-asylum-in-finland","status":"publish","type":"page","link":"https:\/\/help.unhcr.org\/finland\/tr\/how-to-apply-for-asylum-in-finland\/","title":{"rendered":"Finlandiya&#8217;da s\u0131\u011f\u0131nma ba\u015fvurusu nas\u0131l yap\u0131l\u0131r"},"content":{"rendered":"\n<p class=\"has-text-align-center has-background\" style=\"background-color:#fdf799\"><strong>Finlandiya&#8217;ya s\u0131\u011f\u0131nma ba\u015fvurusunda bulunmak i\u00e7in Finlandiya topraklar\u0131nda veya bir giri\u015f<br>liman\u0131nda (havaalan\u0131, kara s\u0131n\u0131r\u0131 ge\u00e7i\u015f kontrol noktas\u0131 veya liman) bulunman\u0131z<br>gerekti\u011fini l\u00fctfen unutmay\u0131n.<\/strong><\/p>\n\n\n\n<p>\u015eiddet, zul\u00fcm, sava\u015f nedeniyle kendi \u00fclkenize veya daha \u00f6nce ya\u015fad\u0131\u011f\u0131n\u0131z \u00fclkeye d\u00f6nmekten korkuyorsan\u0131z veya o \u00fclkede ciddi zarar g\u00f6rme tehlikesiyle kar\u015f\u0131 kar\u015f\u0131yaysan\u0131z. Finlandiya&#8217;ya koruma ba\u015fvurusunda bulunabilirsiniz. Uluslararas\u0131 koruma alman\u0131n ilk <strong>ad\u0131m\u0131 s\u0131\u011f\u0131nma ba\u015fvurusunda bulunmakt\u0131r.<\/strong><\/p>\n","protected":false},"excerpt":{"rendered":"<p>Finlandiya&#8217;ya s\u0131\u011f\u0131nma ba\u015fvurusunda bulunmak i\u00e7in Finlandiya topraklar\u0131nda veya bir giri\u015fliman\u0131nda (havaalan\u0131, kara s\u0131n\u0131r\u0131 ge\u00e7i\u015f kontrol noktas\u0131 veya liman) bulunman\u0131zgerekti\u011fini l\u00fctfen unutmay\u0131n. \u015eiddet, zul\u00fcm, sava\u015f nedeniyle kendi \u00fclkenize veya daha \u00f6nce ya\u015fad\u0131\u011f\u0131n\u0131z \u00fclkeye d\u00f6nmekten korkuyorsan\u0131z veya o \u00fclkede ciddi zarar g\u00f6rme tehlikesiyle kar\u015f\u0131 kar\u015f\u0131yaysan\u0131z. Finlandiya&#8217;ya koruma ba\u015fvurusunda bulunabilirsiniz. Uluslararas\u0131 koruma alman\u0131n ilk ad\u0131m\u0131 s\u0131\u011f\u0131nma ba\u015fvurusunda bulunmakt\u0131r.<\/p>\n","protected":false},"author":310,"featured_media":0,"parent":0,"menu_order":0,"comment_status":"closed","ping_status":"closed","template":"page-templates\/listing_page.php","meta":{"_acf_changed":false,"footnotes":""},"class_list":["post-909","page","type-page","status-publish","hentry"],"acf":[],"_links":{"self":[{"href":"https:\/\/help.unhcr.org\/finland\/tr\/wp-json\/wp\/v2\/pages\/909","targetHints":{"allow":["GET"]}}],"collection":[{"href":"https:\/\/help.unhcr.org\/finland\/tr\/wp-json\/wp\/v2\/pages"}],"about":[{"href":"https:\/\/help.unhcr.org\/finland\/tr\/wp-json\/wp\/v2\/types\/page"}],"author":[{"embeddable":true,"href":"https:\/\/help.unhcr.org\/finland\/tr\/wp-json\/wp\/v2\/users\/310"}],"replies":[{"embeddable":true,"href":"https:\/\/help.unhcr.org\/finland\/tr\/wp-json\/wp\/v2\/comments?post=909"}],"version-history":[{"count":2,"href":"https:\/\/help.unhcr.org\/finland\/tr\/wp-json\/wp\/v2\/pages\/909\/revisions"}],"predecessor-version":[{"id":1138,"href":"https:\/\/help.unhcr.org\/finland\/tr\/wp-json\/wp\/v2\/pages\/909\/revisions\/1138"}],"wp:attachment":[{"href":"https:\/\/help.unhcr.org\/finland\/tr\/wp-json\/wp\/v2\/media?parent=909"}],"curies":[{"name":"wp","href":"https:\/\/api.w.org\/{rel}","templated":true}]}}