{"id":1655,"date":"2020-12-01T20:43:53","date_gmt":"2020-12-01T20:43:53","guid":{"rendered":"http:\/\/help.unhcr.org\/ecuador\/?page_id=1655"},"modified":"2026-04-29T17:12:05","modified_gmt":"2026-04-29T17:12:05","slug":"feriados","status":"publish","type":"page","link":"https:\/\/help.unhcr.org\/ecuador\/bienvenido-a\/informacion-general-sobre-ecuador\/feriados\/","title":{"rendered":"Feriados"},"content":{"rendered":"\n<p>En Ecuador existen feriados nacionales y locales durante los cuales las instituciones p\u00fablicas, educativas y financieras, as\u00ed como algunas organizaciones como ACNUR, no brindan atenci\u00f3n. Por ello, es importante tener en cuenta estas fechas al momento de solicitar servicios.<\/p>\n\n\n\n<p>Adem\u00e1s, algunos feriados aplican \u00fanicamente en determinadas ciudades o regiones. Te recomendamos revisar los calendarios oficiales y las p\u00e1ginas web de las instituciones del Estado correspondientes a tu localidad para obtener informaci\u00f3n actualizada.<\/p>\n\n\n\n<p><\/p>\n","protected":false},"excerpt":{"rendered":"<p>En Ecuador existen feriados nacionales y locales durante los cuales las instituciones p\u00fablicas, educativas y financieras, as\u00ed como algunas organizaciones como ACNUR, no brindan atenci\u00f3n. Por ello, es importante tener en cuenta estas fechas al momento de solicitar servicios. Adem\u00e1s, algunos feriados aplican \u00fanicamente en determinadas ciudades o regiones. Te recomendamos revisar los calendarios oficiales [&hellip;]<\/p>\n","protected":false},"author":35,"featured_media":0,"parent":1401,"menu_order":4,"comment_status":"closed","ping_status":"closed","template":"","meta":{"_acf_changed":false,"footnotes":""},"class_list":["post-1655","page","type-page","status-publish","hentry"],"acf":[],"_links":{"self":[{"href":"https:\/\/help.unhcr.org\/ecuador\/wp-json\/wp\/v2\/pages\/1655","targetHints":{"allow":["GET"]}}],"collection":[{"href":"https:\/\/help.unhcr.org\/ecuador\/wp-json\/wp\/v2\/pages"}],"about":[{"href":"https:\/\/help.unhcr.org\/ecuador\/wp-json\/wp\/v2\/types\/page"}],"author":[{"embeddable":true,"href":"https:\/\/help.unhcr.org\/ecuador\/wp-json\/wp\/v2\/users\/35"}],"replies":[{"embeddable":true,"href":"https:\/\/help.unhcr.org\/ecuador\/wp-json\/wp\/v2\/comments?post=1655"}],"version-history":[{"count":11,"href":"https:\/\/help.unhcr.org\/ecuador\/wp-json\/wp\/v2\/pages\/1655\/revisions"}],"predecessor-version":[{"id":6181,"href":"https:\/\/help.unhcr.org\/ecuador\/wp-json\/wp\/v2\/pages\/1655\/revisions\/6181"}],"up":[{"embeddable":true,"href":"https:\/\/help.unhcr.org\/ecuador\/wp-json\/wp\/v2\/pages\/1401"}],"wp:attachment":[{"href":"https:\/\/help.unhcr.org\/ecuador\/wp-json\/wp\/v2\/media?parent=1655"}],"curies":[{"name":"wp","href":"https:\/\/api.w.org\/{rel}","templated":true}]}}