{"id":1793,"date":"2022-06-28T18:41:07","date_gmt":"2022-06-28T18:41:07","guid":{"rendered":"https:\/\/help.unhcr.org\/canada\/resources-for-asylum-seekers\/manitoba\/"},"modified":"2024-03-07T19:19:55","modified_gmt":"2024-03-07T19:19:55","slug":"manitoba","status":"publish","type":"page","link":"https:\/\/help.unhcr.org\/canada\/tr\/resources-for-asylum-seekers\/manitoba\/","title":{"rendered":"Manitoba"},"content":{"rendered":"\n<h3 class=\"wp-block-heading has-white-color has-text-color has-background\" style=\"background-color:#0072bc\">Manitoba Adli Yard\u0131m Birimi<\/h3>\n\n\n\n<p>Manitoba Adli Yard\u0131m Birimi, Manitoba&#8217;daki d\u00fc\u015f\u00fck gelirli yeti\u015fkinlere ve gen\u00e7lere, maddi durumu uygun olan ve hakl\u0131 bir davas\u0131 bulunan ki\u015filere hukuki hizmet sa\u011flamaktad\u0131r. Buna s\u0131\u011f\u0131nmac\u0131lara y\u00f6nelik hizmetler de dahildir. Kanada G\u00f6\u00e7menlik ve M\u00fclteci Kurulu (IRB) \u00f6n\u00fcndeki duru\u015fman\u0131zda sizi temsil edecek bir avukat\u0131n \u00fccretini \u00f6demek i\u00e7in mali destek alman\u0131za yard\u0131mc\u0131 olabilirler.<\/p>\n\n\n\n<ul class=\"wp-block-list\">\n<li><strong>Telefon:<\/strong>&nbsp;+1-800-261-2960<\/li>\n\n\n\n<li><strong>E-posta: <\/strong><a href=\"mailto:info@legalaid.mb.ca\">info@legalaid.mb.ca<\/a> <\/li>\n\n\n\n<li><strong>Web sitesi:<\/strong>&nbsp;<a href=\"https:\/\/www.legalaid.mb.ca\/\" target=\"_blank\" rel=\"noreferrer noopener\">https:\/\/www.legalaid.mb.ca\/<\/a><\/li>\n\n\n\n<li><strong>Adres:<\/strong>&nbsp;100 \u2013 287 Broadway, Winnipeg, Manitoba, R3C 0R9<\/li>\n\n\n\n<li><strong>\u00c7al\u0131\u015fma saatleri:<\/strong>&nbsp;\n<ul class=\"wp-block-list\">\n<li>Pazartesi ve Sal\u0131 12.30 &#8211; 16.00<\/li>\n\n\n\n<li>\u00c7ar\u015famba ve Per\u015fembe 13.30 &#8211; 16.00<\/li>\n<\/ul>\n<\/li>\n<\/ul>\n\n\n\n<h3 class=\"wp-block-heading has-white-color has-text-color has-background\" style=\"background-color:#0072bc\">Naomi House<\/h3>\n\n\n\n<p>Yeni gelen m\u00fclteci ve s\u0131\u011f\u0131nmac\u0131lara Winnipeg \u015fehrinde 6 aya kadar bar\u0131nma ve destek sa\u011flar.<\/p>\n\n\n\n<ul class=\"wp-block-list\">\n<li><strong>Telefon:<\/strong>&nbsp;+1-431-336-4308<\/li>\n\n\n\n<li><strong>E-posta:<\/strong>&nbsp;<a href=\"mailto:director.nhouse@gmail.com\">director.nhouse@gmail.com<\/a><\/li>\n\n\n\n<li><strong>Web sitesi:<\/strong> <a href=\"https:\/\/naomihouse.info\/\" target=\"_blank\" rel=\"noreferrer noopener\">https:\/\/naomihouse.info\/<\/a> \u00a0\u00a0<\/li>\n<\/ul>\n","protected":false},"excerpt":{"rendered":"<p>Manitoba Adli Yard\u0131m Birimi Manitoba Adli Yard\u0131m Birimi, Manitoba&#8217;daki d\u00fc\u015f\u00fck gelirli yeti\u015fkinlere ve gen\u00e7lere, maddi durumu uygun olan ve hakl\u0131 bir davas\u0131 bulunan ki\u015filere hukuki hizmet sa\u011flamaktad\u0131r. Buna s\u0131\u011f\u0131nmac\u0131lara y\u00f6nelik hizmetler de dahildir. Kanada G\u00f6\u00e7menlik ve M\u00fclteci Kurulu (IRB) \u00f6n\u00fcndeki duru\u015fman\u0131zda sizi temsil edecek bir avukat\u0131n \u00fccretini \u00f6demek i\u00e7in mali destek alman\u0131za yard\u0131mc\u0131 olabilirler. Naomi [&hellip;]<\/p>\n","protected":false},"author":24,"featured_media":0,"parent":1484,"menu_order":60,"comment_status":"closed","ping_status":"closed","template":"","meta":{"_acf_changed":false,"footnotes":""},"class_list":["post-1793","page","type-page","status-publish","hentry"],"acf":[],"_links":{"self":[{"href":"https:\/\/help.unhcr.org\/canada\/tr\/wp-json\/wp\/v2\/pages\/1793","targetHints":{"allow":["GET"]}}],"collection":[{"href":"https:\/\/help.unhcr.org\/canada\/tr\/wp-json\/wp\/v2\/pages"}],"about":[{"href":"https:\/\/help.unhcr.org\/canada\/tr\/wp-json\/wp\/v2\/types\/page"}],"author":[{"embeddable":true,"href":"https:\/\/help.unhcr.org\/canada\/tr\/wp-json\/wp\/v2\/users\/24"}],"replies":[{"embeddable":true,"href":"https:\/\/help.unhcr.org\/canada\/tr\/wp-json\/wp\/v2\/comments?post=1793"}],"version-history":[{"count":3,"href":"https:\/\/help.unhcr.org\/canada\/tr\/wp-json\/wp\/v2\/pages\/1793\/revisions"}],"predecessor-version":[{"id":1961,"href":"https:\/\/help.unhcr.org\/canada\/tr\/wp-json\/wp\/v2\/pages\/1793\/revisions\/1961"}],"up":[{"embeddable":true,"href":"https:\/\/help.unhcr.org\/canada\/tr\/wp-json\/wp\/v2\/pages\/1484"}],"wp:attachment":[{"href":"https:\/\/help.unhcr.org\/canada\/tr\/wp-json\/wp\/v2\/media?parent=1793"}],"curies":[{"name":"wp","href":"https:\/\/api.w.org\/{rel}","templated":true}]}}