{"id":1448,"date":"2022-06-28T17:40:00","date_gmt":"2022-06-28T17:40:00","guid":{"rendered":"https:\/\/help.unhcr.org\/canada\/how-to-apply-for-asylum-new\/who-can-get-refugee-protection-in-canada\/"},"modified":"2024-08-14T16:39:28","modified_gmt":"2024-08-14T16:39:28","slug":"who-can-get-refugee-protection-in-canada","status":"publish","type":"page","link":"https:\/\/help.unhcr.org\/canada\/tr\/how-to-apply-for-asylum-new\/who-can-get-refugee-protection-in-canada\/","title":{"rendered":"Kanada&#8217;da kimler m\u00fclteci korumas\u0131 alabilir?"},"content":{"rendered":"\n<p>M\u00fclteci korumas\u0131 almak i\u00e7in, a\u015fa\u011f\u0131daki nedenlerden en az biri nedeniyle zulme u\u011framaktan korktu\u011funuz i\u00e7in vatanda\u015f\u0131 oldu\u011funuz veya ikamet etti\u011finiz \u00fclkeye geri d\u00f6nemeyece\u011finizi g\u00f6stermeniz gerekir (her ba\u015fl\u0131k alt\u0131nda \u00f6rnekler vard\u0131r):&nbsp;<\/p>\n\n\n\n<h3 class=\"wp-block-heading\"><strong><strong>Irk veya milliyet<\/strong><\/strong><\/h3>\n\n\n\n<p>\u00d6rne\u011fin, etnik veya dilsel bir az\u0131nl\u0131k grubunun par\u00e7as\u0131 oldu\u011funuz i\u00e7in zulme u\u011framaktan korkuyorsan\u0131z.&nbsp;<\/p>\n\n\n\n<p><\/p>\n\n\n\n<h3 class=\"wp-block-heading\"><strong><strong>Din<\/strong><\/strong><\/h3>\n\n\n\n<p>\u00d6rne\u011fin, dini bir az\u0131nl\u0131\u011f\u0131n par\u00e7as\u0131 oldu\u011funuz veya ba\u015fka bir dine ge\u00e7ti\u011finiz i\u00e7in zulme u\u011framaktan korkuyorsan\u0131z.<\/p>\n\n\n\n<p><\/p>\n\n\n\n<h3 class=\"wp-block-heading\"><strong><strong>Belirli bir sosyal gruba aidiyet<\/strong><\/strong><\/h3>\n\n\n\n<p>\u00d6rne\u011fin, cinsel y\u00f6neliminiz veya cinsiyetiniz nedeniyle \u015fiddete maruz kald\u0131n\u0131z veya aile ba\u011flar\u0131n\u0131z nedeniyle zulme u\u011framaktan korkuyorsan\u0131z.<\/p>\n\n\n\n<p><\/p>\n\n\n\n<h3 class=\"wp-block-heading\"><strong><strong>Siyasi g\u00f6r\u00fc\u015f<\/strong><\/strong><\/h3>\n\n\n\n<p>\u00d6rne\u011fin, bir gazeteci veya blog yazar\u0131s\u0131n\u0131z, bir insan haklar\u0131 aktivistisiniz veya h\u00fck\u00fcmet muhalifiyseniz ya da \u00f6yle g\u00f6r\u00fcl\u00fcyorsan\u0131z.<\/p>\n\n\n\n<p><\/p>\n\n\n\n<h3 class=\"wp-block-heading\"><strong><strong>Hayat\u0131n\u0131z\u0131n risk alt\u0131nda olmas\u0131 veya zalimce ve insanl\u0131k d\u0131\u015f\u0131 muamele g\u00f6rmeniz<\/strong><\/strong><\/h3>\n\n\n\n<p>Toplumun genelinin kar\u015f\u0131la\u015fmad\u0131\u011f\u0131 ki\u015fisel bir riskle kar\u015f\u0131 kar\u015f\u0131ya bulunuyorsan\u0131z. \u00d6rne\u011fin, yerel polisinize su\u00e7 faaliyetlerini bildirdiniz ve \u015fimdi su\u00e7lular sizi hedef al\u0131yor.<\/p>\n\n\n\n<p><\/p>\n\n\n\n<h3 class=\"wp-block-heading\"><strong><strong>\u0130\u015fkence riski<\/strong><\/strong><\/h3>\n\n\n\n<p>Sizden bilgi almak veya sizi cezaland\u0131rmak i\u00e7in h\u00fck\u00fcmet yetkilileri taraf\u0131ndan ( h\u00fck\u00fcmetin emri veya onay\u0131 ile) ciddi zihinsel veya fiziksel zarara maruz b\u0131rak\u0131ld\u0131n\u0131z veya maruz b\u0131rak\u0131lma riskiniz varsa.<\/p>\n\n\n\n<p class=\"has-text-align-center\"><strong>Sonraki sayfa:<\/strong> <a href=\"https:\/\/help.unhcr.org\/canada\/tr\/how-to-apply-for-asylum-new\/where-to-claim-asylum\/\" data-type=\"page\" data-id=\"1455\">S\u0131\u011f\u0131nma talebi nerede yap\u0131l\u0131r?<\/a><\/p>\n","protected":false},"excerpt":{"rendered":"<p>M\u00fclteci korumas\u0131 almak i\u00e7in, a\u015fa\u011f\u0131daki nedenlerden en az biri nedeniyle zulme u\u011framaktan korktu\u011funuz i\u00e7in vatanda\u015f\u0131 oldu\u011funuz veya ikamet etti\u011finiz \u00fclkeye geri d\u00f6nemeyece\u011finizi g\u00f6stermeniz gerekir (her ba\u015fl\u0131k alt\u0131nda \u00f6rnekler vard\u0131r):&nbsp; Irk veya milliyet \u00d6rne\u011fin, etnik veya dilsel bir az\u0131nl\u0131k grubunun par\u00e7as\u0131 oldu\u011funuz i\u00e7in zulme u\u011framaktan korkuyorsan\u0131z.&nbsp; Din \u00d6rne\u011fin, dini bir az\u0131nl\u0131\u011f\u0131n par\u00e7as\u0131 oldu\u011funuz veya ba\u015fka bir [&hellip;]<\/p>\n","protected":false},"author":24,"featured_media":0,"parent":1442,"menu_order":2,"comment_status":"closed","ping_status":"closed","template":"","meta":{"_acf_changed":false,"footnotes":""},"class_list":["post-1448","page","type-page","status-publish","hentry"],"acf":[],"_links":{"self":[{"href":"https:\/\/help.unhcr.org\/canada\/tr\/wp-json\/wp\/v2\/pages\/1448","targetHints":{"allow":["GET"]}}],"collection":[{"href":"https:\/\/help.unhcr.org\/canada\/tr\/wp-json\/wp\/v2\/pages"}],"about":[{"href":"https:\/\/help.unhcr.org\/canada\/tr\/wp-json\/wp\/v2\/types\/page"}],"author":[{"embeddable":true,"href":"https:\/\/help.unhcr.org\/canada\/tr\/wp-json\/wp\/v2\/users\/24"}],"replies":[{"embeddable":true,"href":"https:\/\/help.unhcr.org\/canada\/tr\/wp-json\/wp\/v2\/comments?post=1448"}],"version-history":[{"count":2,"href":"https:\/\/help.unhcr.org\/canada\/tr\/wp-json\/wp\/v2\/pages\/1448\/revisions"}],"predecessor-version":[{"id":2047,"href":"https:\/\/help.unhcr.org\/canada\/tr\/wp-json\/wp\/v2\/pages\/1448\/revisions\/2047"}],"up":[{"embeddable":true,"href":"https:\/\/help.unhcr.org\/canada\/tr\/wp-json\/wp\/v2\/pages\/1442"}],"wp:attachment":[{"href":"https:\/\/help.unhcr.org\/canada\/tr\/wp-json\/wp\/v2\/media?parent=1448"}],"curies":[{"name":"wp","href":"https:\/\/api.w.org\/{rel}","templated":true}]}}